{"id":10,"date":"2021-02-05T11:05:17","date_gmt":"2021-02-05T11:05:17","guid":{"rendered":"https:\/\/www.academiapsicologia.com\/?page_id=10"},"modified":"2026-01-09T11:10:17","modified_gmt":"2026-01-09T10:10:17","slug":"inicio","status":"publish","type":"page","link":"https:\/\/www.academiapsicologia.com\/","title":{"rendered":"Inicio"},"content":{"rendered":"<p><div class=\"fusion-fullwidth fullwidth-box fusion-builder-row-1 fusion-flex-container has-pattern-background has-mask-background nonhundred-percent-fullwidth non-hundred-percent-height-scrolling\" style=\"--awb-border-radius-top-left:0px;--awb-border-radius-top-right:0px;--awb-border-radius-bottom-right:0px;--awb-border-radius-bottom-left:0px;--awb-flex-wrap:wrap;\" ><div class=\"fusion-builder-row fusion-row fusion-flex-align-items-flex-start fusion-flex-content-wrap\" style=\"max-width:1248px;margin-left: calc(-4% \/ 2 );margin-right: calc(-4% \/ 2 );\"><div class=\"fusion-layout-column fusion_builder_column fusion-builder-column-0 fusion_builder_column_1_3 1_3 fusion-flex-column\" style=\"--awb-bg-size:cover;--awb-width-large:33.333333333333%;--awb-margin-top-large:0px;--awb-spacing-right-large:5.76%;--awb-margin-bottom-large:20px;--awb-spacing-left-large:5.76%;--awb-width-medium:33.333333333333%;--awb-order-medium:0;--awb-spacing-right-medium:5.76%;--awb-spacing-left-medium:5.76%;--awb-width-small:100%;--awb-order-small:0;--awb-spacing-right-small:1.92%;--awb-spacing-left-small:1.92%;\"><div class=\"fusion-column-wrapper fusion-column-has-shadow fusion-flex-justify-content-flex-start fusion-content-layout-column\"><div class=\"fusion-image-element \" style=\"text-align:center;--awb-caption-title-font-family:var(--h2_typography-font-family);--awb-caption-title-font-weight:var(--h2_typography-font-weight);--awb-caption-title-font-style:var(--h2_typography-font-style);--awb-caption-title-size:var(--h2_typography-font-size);--awb-caption-title-transform:var(--h2_typography-text-transform);--awb-caption-title-line-height:var(--h2_typography-line-height);--awb-caption-title-letter-spacing:var(--h2_typography-letter-spacing);\"><span class=\" fusion-imageframe imageframe-none imageframe-1 hover-type-none\"><img decoding=\"async\" width=\"194\" height=\"300\" title=\"Medalla APE\" src=\"https:\/\/www.academiapsicologia.com\/wp-content\/uploads\/2025\/01\/Medalla-APE-194x300.png\" alt class=\"img-responsive wp-image-3064\" srcset=\"https:\/\/www.academiapsicologia.com\/wp-content\/uploads\/2025\/01\/Medalla-APE-200x309.png 200w, https:\/\/www.academiapsicologia.com\/wp-content\/uploads\/2025\/01\/Medalla-APE.png 386w\" sizes=\"(max-width: 640px) 100vw, 194px\" \/><\/span><\/div><\/div><\/div><div class=\"fusion-layout-column fusion_builder_column fusion-builder-column-1 fusion_builder_column_2_3 2_3 fusion-flex-column\" style=\"--awb-bg-size:cover;--awb-width-large:66.666666666667%;--awb-margin-top-large:0px;--awb-spacing-right-large:2.88%;--awb-margin-bottom-large:20px;--awb-spacing-left-large:2.88%;--awb-width-medium:66.666666666667%;--awb-order-medium:0;--awb-spacing-right-medium:2.88%;--awb-spacing-left-medium:2.88%;--awb-width-small:100%;--awb-order-small:0;--awb-spacing-right-small:1.92%;--awb-spacing-left-small:1.92%;\"><div class=\"fusion-column-wrapper fusion-column-has-shadow fusion-flex-justify-content-flex-start fusion-content-layout-column\"><div class=\"fusion-text fusion-text-1\"><div align=\"justify\">La <strong>Academia de Psicolog\u00eda de Espa\u00f1a<\/strong> constituye una Corporaci\u00f3n de derecho p\u00fablico, de \u00e1mbito nacional, con personalidad jur\u00eddica propia y capacidad de obrar, que se rige por sus Estatutos, as\u00ed como por el Reglamento de r\u00e9gimen interior que los desarrolla.<br \/>\nLa misi\u00f3n general de la <strong>Academia de Psicolog\u00eda de Espa\u00f1a<\/strong> es la consecuci\u00f3n, promoci\u00f3n y mantenimiento del m\u00e1s alto nivel cient\u00edfico, cultural y social en la Psicolog\u00eda, as\u00ed como el impulso de su pr\u00e1ctica en beneficio de los individuos y la sociedad.<br \/>\nLa <strong>Academia de Psicolog\u00eda de Espa\u00f1a<\/strong> aspira a una vida activa, cient\u00edfica y cultural, de calidad, para contribuir al desarrollo intelectual y social de la Psicolog\u00eda y los psic\u00f3logos. Para ello, desea contar con las colaboraciones y sugerencias de todos los colegas interesados en el presente y porvenir de nuestra ciencia.<\/div>\n<\/div><\/div><\/div><\/div><\/div><div class=\"fusion-fullwidth fullwidth-box fusion-builder-row-2 fusion-flex-container has-pattern-background has-mask-background nonhundred-percent-fullwidth non-hundred-percent-height-scrolling\" style=\"--awb-border-radius-top-left:0px;--awb-border-radius-top-right:0px;--awb-border-radius-bottom-right:0px;--awb-border-radius-bottom-left:0px;--awb-flex-wrap:wrap;\" ><div class=\"fusion-builder-row fusion-row fusion-flex-align-items-flex-start fusion-flex-content-wrap\" style=\"max-width:1248px;margin-left: calc(-4% \/ 2 );margin-right: calc(-4% \/ 2 );\"><div class=\"fusion-layout-column fusion_builder_column fusion-builder-column-2 fusion_builder_column_1_3 1_3 fusion-flex-column\" style=\"--awb-bg-size:cover;--awb-width-large:33.333333333333%;--awb-margin-top-large:0px;--awb-spacing-right-large:5.76%;--awb-margin-bottom-large:20px;--awb-spacing-left-large:5.76%;--awb-width-medium:33.333333333333%;--awb-order-medium:0;--awb-spacing-right-medium:5.76%;--awb-spacing-left-medium:5.76%;--awb-width-small:100%;--awb-order-small:0;--awb-spacing-right-small:1.92%;--awb-spacing-left-small:1.92%;\"><div class=\"fusion-column-wrapper fusion-column-has-shadow fusion-flex-justify-content-flex-start fusion-content-layout-column\"><div class=\"fusion-text fusion-text-2\"><h4 style=\"text-align: center;\"><strong>AGENDA<\/strong><\/h4>\n<\/div><div class=\"fusion-text fusion-text-3\"><!=========Events Static list Template 2.4.4=========><div id=\"ect-events-minimal-list-content\"><div id=\"ect-minimal-list-wrp\" class=\"ect-minimal-list-wrapper all\"><div id=\"event-3724\" class=\"ect-list-posts style-1 ect-simple-event future\"><div class=\"ect-event-date-tag\"><div class=\"ect-event-datetimes\">\n\t\t\t        <span class=\"ev-mo\">Abr<\/span>\n\t\t\t        <span class=\"ev-day\">29<\/span>\n\t\t\t        <\/div><\/div><div class=\"ect-event-details\">\n    <div class=\"ect-events-title\"><a class=\"ect-event-url\" href=\"https:\/\/www.academiapsicologia.com\/index.php\/event\/la-autonomia-como-promotora-de-la-vitalidad-investigacion-en-el-contexto-deportivo\/\" rel=\"bookmark\">La autonom\u00eda como promotora de la Vitalidad. Investigaci\u00f3n en el contexto deportivo<\/a><\/div>\n                <div class=\"ect-event-datetime\"><i class=\"ect-icon-clock\"><\/i>\n                <span class=\"ect-minimal-list-time\">19:00 - 20:30<\/span><\/div>\n\t\t\t\t<\/div><\/div><div id=\"event-3719\" class=\"ect-list-posts style-1 ect-simple-event future\"><div class=\"ect-event-date-tag\"><div class=\"ect-event-datetimes\">\n\t\t\t        <span class=\"ev-mo\">May<\/span>\n\t\t\t        <span class=\"ev-day\">20<\/span>\n\t\t\t        <\/div><\/div><div class=\"ect-event-details\">\n    <div class=\"ect-events-title\"><a class=\"ect-event-url\" href=\"https:\/\/www.academiapsicologia.com\/index.php\/event\/conectividad-cerebral-asociada-a-la-identidad-de-genero\/\" rel=\"bookmark\">Conectividad cerebral asociada a la identidad de g\u00e9nero<\/a><\/div>\n                <div class=\"ect-event-datetime\"><i class=\"ect-icon-clock\"><\/i>\n                <span class=\"ect-minimal-list-time\">19:00 - 20:30<\/span><\/div>\n\t\t\t\t<\/div><\/div><\/div><\/div>\n<\/div><\/div><\/div><div class=\"fusion-layout-column fusion_builder_column fusion-builder-column-3 fusion_builder_column_2_3 2_3 fusion-flex-column\" style=\"--awb-bg-size:cover;--awb-width-large:66.666666666667%;--awb-margin-top-large:0px;--awb-spacing-right-large:2.88%;--awb-margin-bottom-large:20px;--awb-spacing-left-large:2.88%;--awb-width-medium:66.666666666667%;--awb-order-medium:0;--awb-spacing-right-medium:2.88%;--awb-spacing-left-medium:2.88%;--awb-width-small:100%;--awb-order-small:0;--awb-spacing-right-small:1.92%;--awb-spacing-left-small:1.92%;\"><div class=\"fusion-column-wrapper fusion-column-has-shadow fusion-flex-justify-content-flex-start fusion-content-layout-column\"><div class=\"fusion-text fusion-text-4\"><h4 style=\"text-align: center;\"><strong>\u00daLTIMAS NOTICIAS<\/strong><\/h4>\n<\/div><div class=\"fusion-recent-posts fusion-recent-posts-1 avada-container layout-thumbnails-on-side layout-columns-2\"><section class=\"fusion-columns columns fusion-columns-2 columns-2\"><article class=\"post fusion-column column col col-lg-6 col-md-6 col-sm-6\"><div class=\"fusion-flexslider fusion-flexslider-loading flexslider floated-slideshow flexslider-hover-type-none\"><ul class=\"slides\"><li><a href=\"https:\/\/www.academiapsicologia.com\/index.php\/2026\/04\/10\/xxiii-escuela-de-psicologia-jose-germain-temas-y-problemas-de-psicologia-clinica\/\" aria-label=\"XXIII Escuela de Psicolog\u00eda \u00abJos\u00e9 Germain\u00bb. \u201cTemas y problemas de Psicolog\u00eda Cl\u00ednica\u201d\" class=\"hover-type-none\"><img decoding=\"async\" width=\"177\" height=\"142\" src=\"https:\/\/www.academiapsicologia.com\/wp-content\/uploads\/2026\/04\/Palacio-de-la-Magdalena-177x142.jpg\" class=\"attachment-portfolio-five size-portfolio-five\" alt=\"\" \/><\/a><\/li><\/ul><\/div><div class=\"recent-posts-content\"><span class=\"vcard\" style=\"display: none;\"><span class=\"fn\"><a href=\"https:\/\/www.academiapsicologia.com\/index.php\/author\/admin_academia\/\" title=\"Entradas de admin_academia\" rel=\"author\">admin_academia<\/a><\/span><\/span><span class=\"updated\" style=\"display:none;\">2026-04-14T13:31:36+02:00<\/span><h4 class=\"entry-title\"><a href=\"https:\/\/www.academiapsicologia.com\/index.php\/2026\/04\/10\/xxiii-escuela-de-psicologia-jose-germain-temas-y-problemas-de-psicologia-clinica\/\">XXIII Escuela de Psicolog\u00eda \u00abJos\u00e9 Germain\u00bb. \u201cTemas y problemas de Psicolog\u00eda Cl\u00ednica\u201d<\/a><\/h4><p class=\"meta\"><span class=\"vcard\" style=\"display: none;\"><span class=\"fn\"><a href=\"https:\/\/www.academiapsicologia.com\/index.php\/author\/admin_academia\/\" title=\"Entradas de admin_academia\" rel=\"author\">admin_academia<\/a><\/span><\/span><span class=\"updated\" style=\"display:none;\">2026-04-14T13:31:36+02:00<\/span><span>10 de abril de 2026<\/span><span class=\"fusion-inline-sep\">|<\/span><span class=\"fusion-comments\"><span>Comentarios desactivados<span class=\"screen-reader-text\"> en XXIII Escuela de Psicolog\u00eda \u00abJos\u00e9 Germain\u00bb. \u201cTemas y problemas de Psicolog\u00eda Cl\u00ednica\u201d<\/span><\/span><\/span><\/p><p>Curso de verano de la Academia de Psicolog\u00eda de Espa\u00f1a en la Universidad Internacional Men\u00e9ndez Pelayo de Santander En el BOE n\u00famero 88 del viernes [...]<\/p><\/div><\/article><article class=\"post fusion-column column col col-lg-6 col-md-6 col-sm-6\"><div class=\"fusion-flexslider fusion-flexslider-loading flexslider floated-slideshow flexslider-hover-type-none\"><ul class=\"slides\"><li><a href=\"https:\/\/www.academiapsicologia.com\/index.php\/2026\/04\/06\/el-presidente-de-la-academia-de-psicologia-participa-en-el-acto-de-presentacion-de-la-academia-de-ciencias-de-la-actividad-fisica-y-el-deporte\/\" aria-label=\"El presidente de la Academia de Psicolog\u00eda participa en el acto de presentaci\u00f3n de la Academia de Ciencias de la Actividad F\u00edsica y el Deporte\" class=\"hover-type-none\"><img decoding=\"async\" width=\"177\" height=\"142\" src=\"https:\/\/www.academiapsicologia.com\/wp-content\/uploads\/2026\/04\/ACTO-DE-PRESENTACION-DE-LA-ACADEMIA-DE-CIENCIAS-DE-LA-ACTIVIDAD-FISICA-Y-DEL-DEPORTE-177x142.jpg\" class=\"attachment-portfolio-five size-portfolio-five\" alt=\"\" \/><\/a><\/li><\/ul><\/div><div class=\"recent-posts-content\"><span class=\"vcard\" style=\"display: none;\"><span class=\"fn\"><a href=\"https:\/\/www.academiapsicologia.com\/index.php\/author\/admin_academia\/\" title=\"Entradas de admin_academia\" rel=\"author\">admin_academia<\/a><\/span><\/span><span class=\"updated\" style=\"display:none;\">2026-04-06T14:58:13+02:00<\/span><h4 class=\"entry-title\"><a href=\"https:\/\/www.academiapsicologia.com\/index.php\/2026\/04\/06\/el-presidente-de-la-academia-de-psicologia-participa-en-el-acto-de-presentacion-de-la-academia-de-ciencias-de-la-actividad-fisica-y-el-deporte\/\">El presidente de la Academia de Psicolog\u00eda participa en el acto de presentaci\u00f3n de la Academia de Ciencias de la Actividad F\u00edsica y el Deporte<\/a><\/h4><p class=\"meta\"><span class=\"vcard\" style=\"display: none;\"><span class=\"fn\"><a href=\"https:\/\/www.academiapsicologia.com\/index.php\/author\/admin_academia\/\" title=\"Entradas de admin_academia\" rel=\"author\">admin_academia<\/a><\/span><\/span><span class=\"updated\" style=\"display:none;\">2026-04-06T14:58:13+02:00<\/span><span>6 de abril de 2026<\/span><span class=\"fusion-inline-sep\">|<\/span><span class=\"fusion-comments\"><span>Comentarios desactivados<span class=\"screen-reader-text\"> en El presidente de la Academia de Psicolog\u00eda participa en el acto de presentaci\u00f3n de la Academia de Ciencias de la Actividad F\u00edsica y el Deporte<\/span><\/span><\/span><\/p><p>La Academia de Ciencias de la Actividad F\u00edsica y del Deporte de Espa\u00f1a (ACAFDE) se ha presentado oficialmente como una nueva entidad destinada a impulsar [...]<\/p><\/div><\/article><article class=\"post fusion-column column col col-lg-6 col-md-6 col-sm-6\"><div class=\"fusion-flexslider fusion-flexslider-loading flexslider floated-slideshow flexslider-hover-type-none\"><ul class=\"slides\"><li><a href=\"https:\/\/www.academiapsicologia.com\/index.php\/2026\/03\/13\/homenaje-al-academico-dr-gonzalo-musitu-ochoa\/\" aria-label=\"Homenaje al Acad\u00e9mico Dr. Gonzalo Musitu Ochoa\" class=\"hover-type-none\"><img decoding=\"async\" width=\"177\" height=\"142\" src=\"https:\/\/www.academiapsicologia.com\/wp-content\/uploads\/2026\/03\/Homenaje-al-Academico-Dr.-Gonzalo-Musitu-Ochoa-02-177x142.jpg\" class=\"attachment-portfolio-five size-portfolio-five\" alt=\"\" \/><\/a><\/li><\/ul><\/div><div class=\"recent-posts-content\"><span class=\"vcard\" style=\"display: none;\"><span class=\"fn\"><a href=\"https:\/\/www.academiapsicologia.com\/index.php\/author\/admin_academia\/\" title=\"Entradas de admin_academia\" rel=\"author\">admin_academia<\/a><\/span><\/span><span class=\"updated\" style=\"display:none;\">2026-03-13T11:12:51+01:00<\/span><h4 class=\"entry-title\"><a href=\"https:\/\/www.academiapsicologia.com\/index.php\/2026\/03\/13\/homenaje-al-academico-dr-gonzalo-musitu-ochoa\/\">Homenaje al Acad\u00e9mico Dr. Gonzalo Musitu Ochoa<\/a><\/h4><p class=\"meta\"><span class=\"vcard\" style=\"display: none;\"><span class=\"fn\"><a href=\"https:\/\/www.academiapsicologia.com\/index.php\/author\/admin_academia\/\" title=\"Entradas de admin_academia\" rel=\"author\">admin_academia<\/a><\/span><\/span><span class=\"updated\" style=\"display:none;\">2026-03-13T11:12:51+01:00<\/span><span>13 de marzo de 2026<\/span><span class=\"fusion-inline-sep\">|<\/span><span class=\"fusion-comments\"><span>Comentarios desactivados<span class=\"screen-reader-text\"> en Homenaje al Acad\u00e9mico Dr. Gonzalo Musitu Ochoa<\/span><\/span><\/span><\/p><p>La Academia de Psicolog\u00eda de Espa\u00f1a ha participado, representada por la Acad\u00e9mica Dra. Lourdes Munduate Jaca, en el homenaje realizado al Acad\u00e9mico de n\u00famero Dr. [...]<\/p><\/div><\/article><article class=\"post fusion-column column col col-lg-6 col-md-6 col-sm-6\"><div class=\"fusion-flexslider fusion-flexslider-loading flexslider floated-slideshow flexslider-hover-type-none\"><ul class=\"slides\"><li><a href=\"https:\/\/www.academiapsicologia.com\/index.php\/2026\/03\/02\/jose-maria-peiro-nuevo-presidente-de-la-academia-de-psicologia-de-espana\/\" aria-label=\"Jos\u00e9 Mar\u00eda Peir\u00f3, nuevo presidente de la Academia de Psicolog\u00eda de Espa\u00f1a\" class=\"hover-type-none\"><img decoding=\"async\" width=\"177\" height=\"142\" src=\"https:\/\/www.academiapsicologia.com\/wp-content\/uploads\/2026\/03\/Jose-Maria-Peiro-177x142.jpg\" class=\"attachment-portfolio-five size-portfolio-five\" alt=\"\" \/><\/a><\/li><\/ul><\/div><div class=\"recent-posts-content\"><span class=\"vcard\" style=\"display: none;\"><span class=\"fn\"><a href=\"https:\/\/www.academiapsicologia.com\/index.php\/author\/admin_academia\/\" title=\"Entradas de admin_academia\" rel=\"author\">admin_academia<\/a><\/span><\/span><span class=\"updated\" style=\"display:none;\">2026-03-02T13:54:50+01:00<\/span><h4 class=\"entry-title\"><a href=\"https:\/\/www.academiapsicologia.com\/index.php\/2026\/03\/02\/jose-maria-peiro-nuevo-presidente-de-la-academia-de-psicologia-de-espana\/\">Jos\u00e9 Mar\u00eda Peir\u00f3, nuevo presidente de la Academia de Psicolog\u00eda de Espa\u00f1a<\/a><\/h4><p class=\"meta\"><span class=\"vcard\" style=\"display: none;\"><span class=\"fn\"><a href=\"https:\/\/www.academiapsicologia.com\/index.php\/author\/admin_academia\/\" title=\"Entradas de admin_academia\" rel=\"author\">admin_academia<\/a><\/span><\/span><span class=\"updated\" style=\"display:none;\">2026-03-02T13:54:50+01:00<\/span><span>2 de marzo de 2026<\/span><span class=\"fusion-inline-sep\">|<\/span><span class=\"fusion-comments\"><span>Comentarios desactivados<span class=\"screen-reader-text\"> en Jos\u00e9 Mar\u00eda Peir\u00f3, nuevo presidente de la Academia de Psicolog\u00eda de Espa\u00f1a<\/span><\/span><\/span><\/p><p>En las elecciones parciales a la Junta de Gobierno, la Junta General de la Academia de Psicolog\u00eda de Espa\u00f1a, celebrada el 26 de febrero de [...]<\/p><\/div><\/article><\/section><\/div><\/div><\/div><\/div><\/div><div class=\"fusion-fullwidth fullwidth-box fusion-builder-row-3 fusion-flex-container nonhundred-percent-fullwidth non-hundred-percent-height-scrolling\" style=\"--awb-border-radius-top-left:0px;--awb-border-radius-top-right:0px;--awb-border-radius-bottom-right:0px;--awb-border-radius-bottom-left:0px;--awb-flex-wrap:wrap;\" ><div class=\"fusion-builder-row fusion-row fusion-flex-align-items-flex-start fusion-flex-content-wrap\" style=\"max-width:1248px;margin-left: calc(-4% \/ 2 );margin-right: calc(-4% \/ 2 );\"><div class=\"fusion-layout-column fusion_builder_column fusion-builder-column-4 fusion_builder_column_1_1 1_1 fusion-flex-column\" style=\"--awb-bg-size:cover;--awb-width-large:100%;--awb-margin-top-large:0px;--awb-spacing-right-large:1.92%;--awb-margin-bottom-large:20px;--awb-spacing-left-large:1.92%;--awb-width-medium:100%;--awb-order-medium:0;--awb-spacing-right-medium:1.92%;--awb-spacing-left-medium:1.92%;--awb-width-small:100%;--awb-order-small:0;--awb-spacing-right-small:1.92%;--awb-spacing-left-small:1.92%;\"><div class=\"fusion-column-wrapper fusion-column-has-shadow fusion-flex-justify-content-flex-start fusion-content-layout-column\"><div class=\"fusion-text fusion-text-5\"><h4 style=\"text-align: center;\"><strong><span style=\"color: #4a4e57;\">ACTOS RECIENTES<\/span><\/strong><\/h4>\n<\/div><div class=\"fusion-recent-posts fusion-recent-posts-2 avada-container layout-default layout-columns-3\"><section class=\"fusion-columns columns fusion-columns-3 columns-3\"><article class=\"post fusion-column column col col-lg-4 col-md-4 col-sm-4\"><div class=\"fusion-flexslider fusion-flexslider-loading flexslider flexslider-hover-type-none\"><ul class=\"slides\"><li><div class=\"full-video\"><iframe width=\"560\" height=\"315\" src=\"https:\/\/www.youtube.com\/embed\/3rPRTcKOYuo?si=03KzutEiYiDdVV_u\" title=\"YouTube video player\" frameborder=\"0\" allow=\"accelerometer; autoplay; clipboard-write; encrypted-media; gyroscope; picture-in-picture; web-share\" referrerpolicy=\"strict-origin-when-cross-origin\" allowfullscreen><\/iframe><\/div><\/li><\/ul><\/div><div class=\"recent-posts-content\"><span class=\"vcard\" style=\"display: none;\"><span class=\"fn\"><a href=\"https:\/\/www.academiapsicologia.com\/index.php\/author\/admin_academia\/\" title=\"Entradas de admin_academia\" rel=\"author\">admin_academia<\/a><\/span><\/span><span class=\"updated\" style=\"display:none;\">2026-04-23T14:22:53+02:00<\/span><h4 class=\"entry-title\"><a href=\"https:\/\/www.academiapsicologia.com\/index.php\/2026\/04\/23\/duelo-normal-y-duelo-patologico-estrategias-efectivas-de-afrontamiento-22-04-2026\/\">Duelo normal y duelo patol\u00f3gico. Estrategias efectivas de afrontamiento (22\/04\/2026)<\/a><\/h4><\/div><\/article><article class=\"post fusion-column column col col-lg-4 col-md-4 col-sm-4\"><div class=\"fusion-flexslider fusion-flexslider-loading flexslider flexslider-hover-type-none\"><ul class=\"slides\"><li><div class=\"full-video\"><iframe width=\"560\" height=\"315\" src=\"https:\/\/www.youtube.com\/embed\/QLzrONvxiDU?si=aFVM84Q88RsyXWNd\" title=\"YouTube video player\" frameborder=\"0\" allow=\"accelerometer; autoplay; clipboard-write; encrypted-media; gyroscope; picture-in-picture; web-share\" referrerpolicy=\"strict-origin-when-cross-origin\" allowfullscreen><\/iframe><\/div><\/li><\/ul><\/div><div class=\"recent-posts-content\"><span class=\"vcard\" style=\"display: none;\"><span class=\"fn\"><a href=\"https:\/\/www.academiapsicologia.com\/index.php\/author\/admin_academia\/\" title=\"Entradas de admin_academia\" rel=\"author\">admin_academia<\/a><\/span><\/span><span class=\"updated\" style=\"display:none;\">2026-04-16T12:39:37+02:00<\/span><h4 class=\"entry-title\"><a href=\"https:\/\/www.academiapsicologia.com\/index.php\/2026\/04\/16\/los-comportamientos-temerarios-son-suicidas-una-perspectiva-psicologica-no-clinica-15-04-2026\/\">\u00bfLos comportamientos temerarios son suicidas?. Una perspectiva psicol\u00f3gica no cl\u00ednica (15\/04\/2026)<\/a><\/h4><\/div><\/article><article class=\"post fusion-column column col col-lg-4 col-md-4 col-sm-4\"><div class=\"fusion-flexslider fusion-flexslider-loading flexslider flexslider-hover-type-none\"><ul class=\"slides\"><li><div class=\"full-video\"><iframe width=\"560\" height=\"315\" src=\"https:\/\/www.youtube.com\/embed\/3kT-4ZeEo2M?si=6ryZv-yftKCPcTid\" title=\"YouTube video player\" frameborder=\"0\" allow=\"accelerometer; autoplay; clipboard-write; encrypted-media; gyroscope; picture-in-picture; web-share\" referrerpolicy=\"strict-origin-when-cross-origin\" allowfullscreen><\/iframe><\/div><\/li><\/ul><\/div><div class=\"recent-posts-content\"><span class=\"vcard\" style=\"display: none;\"><span class=\"fn\"><a href=\"https:\/\/www.academiapsicologia.com\/index.php\/author\/admin_academia\/\" title=\"Entradas de admin_academia\" rel=\"author\">admin_academia<\/a><\/span><\/span><span class=\"updated\" style=\"display:none;\">2026-04-09T19:53:22+02:00<\/span><h4 class=\"entry-title\"><a href=\"https:\/\/www.academiapsicologia.com\/index.php\/2026\/04\/09\/el-drama-del-suicidio-adolescente-un-rayo-de-esperanza-08-04-2026\/\">El drama del suicidio adolescente: Un rayo de esperanza (08\/04\/2026)<\/a><\/h4><\/div><\/article><article class=\"post fusion-column column col col-lg-4 col-md-4 col-sm-4\"><div class=\"fusion-flexslider fusion-flexslider-loading flexslider flexslider-hover-type-none\"><ul class=\"slides\"><li><div class=\"full-video\"><iframe width=\"560\" height=\"315\" src=\"https:\/\/www.youtube.com\/embed\/XpCMPZbv4Nk?si=UJhhExEsh0EtVt5x\" title=\"YouTube video player\" frameborder=\"0\" allow=\"accelerometer; autoplay; clipboard-write; encrypted-media; gyroscope; picture-in-picture; web-share\" referrerpolicy=\"strict-origin-when-cross-origin\" allowfullscreen><\/iframe><\/div><\/li><\/ul><\/div><div class=\"recent-posts-content\"><span class=\"vcard\" style=\"display: none;\"><span class=\"fn\"><a href=\"https:\/\/www.academiapsicologia.com\/index.php\/author\/admin_academia\/\" title=\"Entradas de admin_academia\" rel=\"author\">admin_academia<\/a><\/span><\/span><span class=\"updated\" style=\"display:none;\">2026-03-27T12:58:37+01:00<\/span><h4 class=\"entry-title\"><a href=\"https:\/\/www.academiapsicologia.com\/index.php\/2026\/03\/27\/alta-capacidad-intelectual-un-reto-en-el-s-xxi-25-03-2026\/\">Alta Capacidad Intelectual: Un reto en el S. XXI (25\/03\/2026)<\/a><\/h4><\/div><\/article><article class=\"post fusion-column column col col-lg-4 col-md-4 col-sm-4\"><div class=\"fusion-flexslider fusion-flexslider-loading flexslider flexslider-hover-type-none\"><ul class=\"slides\"><li><div class=\"full-video\"><iframe width=\"560\" height=\"315\" src=\"https:\/\/www.youtube.com\/embed\/dpTfWVIECKc?si=eGGfft-xq2Iy8Um7\" title=\"YouTube video player\" frameborder=\"0\" allow=\"accelerometer; autoplay; clipboard-write; encrypted-media; gyroscope; picture-in-picture; web-share\" referrerpolicy=\"strict-origin-when-cross-origin\" allowfullscreen><\/iframe><\/div><\/li><\/ul><\/div><div class=\"recent-posts-content\"><span class=\"vcard\" style=\"display: none;\"><span class=\"fn\"><a href=\"https:\/\/www.academiapsicologia.com\/index.php\/author\/admin_academia\/\" title=\"Entradas de admin_academia\" rel=\"author\">admin_academia<\/a><\/span><\/span><span class=\"updated\" style=\"display:none;\">2026-03-19T12:17:21+01:00<\/span><h4 class=\"entry-title\"><a href=\"https:\/\/www.academiapsicologia.com\/index.php\/2026\/03\/19\/papel-de-las-habilidades-terapeuticas-en-psicoterapia-18-03-2026\/\">Papel de las habilidades terap\u00e9uticas en psicoterapia (18\/03\/2026)<\/a><\/h4><\/div><\/article><article class=\"post fusion-column column col col-lg-4 col-md-4 col-sm-4\"><div class=\"fusion-flexslider fusion-flexslider-loading flexslider flexslider-hover-type-none\"><ul class=\"slides\"><li><div class=\"full-video\"><iframe width=\"560\" height=\"315\" src=\"https:\/\/www.youtube.com\/embed\/MMgtZmWta7Y?si=bC0_PoMQ9Owt8fpm\" title=\"YouTube video player\" frameborder=\"0\" allow=\"accelerometer; autoplay; clipboard-write; encrypted-media; gyroscope; picture-in-picture; web-share\" referrerpolicy=\"strict-origin-when-cross-origin\" allowfullscreen><\/iframe><\/div><\/li><\/ul><\/div><div class=\"recent-posts-content\"><span class=\"vcard\" style=\"display: none;\"><span class=\"fn\"><a href=\"https:\/\/www.academiapsicologia.com\/index.php\/author\/admin_academia\/\" title=\"Entradas de admin_academia\" rel=\"author\">admin_academia<\/a><\/span><\/span><span class=\"updated\" style=\"display:none;\">2026-03-12T10:31:09+01:00<\/span><h4 class=\"entry-title\"><a href=\"https:\/\/www.academiapsicologia.com\/index.php\/2026\/03\/12\/resiliencia-psicologica-viejas-y-nuevas-miradas-11-03-2026\/\">Resiliencia psicol\u00f3gica: viejas y nuevas miradas (11\/03\/2026)<\/a><\/h4><\/div><\/article><\/section><\/div><\/div><\/div><\/div><\/div><div class=\"fusion-fullwidth fullwidth-box fusion-builder-row-4 fusion-flex-container nonhundred-percent-fullwidth non-hundred-percent-height-scrolling\" style=\"--awb-border-radius-top-left:0px;--awb-border-radius-top-right:0px;--awb-border-radius-bottom-right:0px;--awb-border-radius-bottom-left:0px;--awb-flex-wrap:wrap;\" ><div class=\"fusion-builder-row fusion-row fusion-flex-align-items-flex-start fusion-flex-content-wrap\" style=\"max-width:1248px;margin-left: calc(-4% \/ 2 );margin-right: calc(-4% \/ 2 );\"><div class=\"fusion-layout-column fusion_builder_column fusion-builder-column-5 fusion_builder_column_1_1 1_1 fusion-flex-column\" style=\"--awb-bg-size:cover;--awb-width-large:100%;--awb-margin-top-large:0px;--awb-spacing-right-large:1.92%;--awb-margin-bottom-large:20px;--awb-spacing-left-large:1.92%;--awb-width-medium:100%;--awb-order-medium:0;--awb-spacing-right-medium:1.92%;--awb-spacing-left-medium:1.92%;--awb-width-small:100%;--awb-order-small:0;--awb-spacing-right-small:1.92%;--awb-spacing-left-small:1.92%;\"><div class=\"fusion-column-wrapper fusion-column-has-shadow fusion-flex-justify-content-flex-start fusion-content-layout-column\"><\/div><\/div><\/div><\/div><\/p>\n","protected":false},"excerpt":{"rendered":"","protected":false},"author":1,"featured_media":0,"parent":0,"menu_order":0,"comment_status":"closed","ping_status":"closed","template":"100-width.php","meta":{"footnotes":""},"class_list":["post-10","page","type-page","status-publish","hentry"],"_links":{"self":[{"href":"https:\/\/www.academiapsicologia.com\/index.php\/wp-json\/wp\/v2\/pages\/10","targetHints":{"allow":["GET"]}}],"collection":[{"href":"https:\/\/www.academiapsicologia.com\/index.php\/wp-json\/wp\/v2\/pages"}],"about":[{"href":"https:\/\/www.academiapsicologia.com\/index.php\/wp-json\/wp\/v2\/types\/page"}],"author":[{"embeddable":true,"href":"https:\/\/www.academiapsicologia.com\/index.php\/wp-json\/wp\/v2\/users\/1"}],"replies":[{"embeddable":true,"href":"https:\/\/www.academiapsicologia.com\/index.php\/wp-json\/wp\/v2\/comments?post=10"}],"version-history":[{"count":51,"href":"https:\/\/www.academiapsicologia.com\/index.php\/wp-json\/wp\/v2\/pages\/10\/revisions"}],"predecessor-version":[{"id":3609,"href":"https:\/\/www.academiapsicologia.com\/index.php\/wp-json\/wp\/v2\/pages\/10\/revisions\/3609"}],"wp:attachment":[{"href":"https:\/\/www.academiapsicologia.com\/index.php\/wp-json\/wp\/v2\/media?parent=10"}],"curies":[{"name":"wp","href":"https:\/\/api.w.org\/{rel}","templated":true}]}}