{"id":1468,"date":"2022-06-01T12:15:30","date_gmt":"2022-06-01T10:15:30","guid":{"rendered":"https:\/\/www.academiapsicologia.com\/?post_type=tribe_events&#038;p=1468"},"modified":"2022-12-29T10:07:18","modified_gmt":"2022-12-29T09:07:18","slug":"2a-edicion-encuentros-en-la-fundacion-fidap","status":"publish","type":"tribe_events","link":"https:\/\/www.academiapsicologia.com\/index.php\/event\/2a-edicion-encuentros-en-la-fundacion-fidap\/","title":{"rendered":"2\u00aa Edici\u00f3n \u00abEncuentros en la Fundaci\u00f3n FIDAP\u00bb"},"content":{"rendered":"<div align=\"justify\">\n<p>El 16 de junio la Fundaci\u00f3 per a la Investigaci\u00f3 Desenvolupament i Aplicaci\u00f3 de la Psicologia\u00a0 de la Comunitat Valenciana (FIDAP), en colaboraci\u00f3n con el COPCV y la Academia de Psicolog\u00eda de Espa\u00f1a, inicia un nuevo ciclo de \u2018<span style=\"color: #c190d8;\"><strong><a style=\"color: #c190d8;\" href=\"https:\/\/www.cop-cv.org\/db\/cke_uploads\/files\/Difusion%20segunda%20edicion%20-%20Encuentros%20en%20la%20Fundacion.pdf\" target=\"_blank\" rel=\"noopener\">Encuentros en la Fundaci\u00f3n<\/a><\/strong><\/span>\u2019. Esta edici\u00f3n, est\u00e1 compuesta por nueve encuentros on-line en los que profesionales de reconocido prestigio compartir\u00e1n sus conocimientos y experiencias sobre temas de la disciplina psicol\u00f3gica vinculados con la actualidad.<\/p>\n<p style=\"text-align: center;\"><strong>Los jueves a las 19:00h, tienes una cita con la FIDAP.<\/strong><\/p>\n<h2 style=\"text-align: center;\"><a href=\"https:\/\/www.cop-cv.org\/db\/cke_uploads\/files\/Difusion%20segunda%20edicion%20-%20Encuentros%20en%20la%20Fundacion.pdf\" target=\"_blank\" rel=\"noopener\"><strong><span style=\"color: #c190d8;\">Consulta los pr\u00f3ximos \u2018Encuentros en la Fundaci\u00f3n\u2019<\/span><\/strong><\/a><\/h2>\n<div align=\"justify\">\n<p>&nbsp;<\/p>\n<\/div>\n<ul>\n<li><strong>16\/06\/2022 &#8211; WEBINAR: \u00abPERFIL EVOLUTIVO DE LA PERSONALIDAD\u00bb<\/strong><\/li>\n<\/ul>\n<p style=\"padding-left: 40px;\">Impartida por: <strong>Dr. Jos\u00e9 Berm\u00fadez Moreno <\/strong>(Catedr\u00e1tico de Personalidad)<\/p>\n<div align=\"center\"><iframe title=\"YouTube video player\" src=\"https:\/\/www.youtube.com\/embed\/3NMkYYD9xRk\" width=\"560\" height=\"315\" frameborder=\"0\" allowfullscreen=\"allowfullscreen\" data-mce-fragment=\"1\"><\/iframe><\/div>\n<div align=\"center\"><\/div>\n<ul>\n<li><strong>30\/06\/2022 &#8211; WEBINAR: \u00abAVANCES EN EL TRATAMIENTO PSICOL\u00d3GICO DE LOS TRASTORNOS EMOCIONALES\u00bb<\/strong><\/li>\n<\/ul>\n<p style=\"padding-left: 40px;\">Impartida por: <strong>Dra. Cristina Botella Arbona<\/strong> (Catedr\u00e1tica de Psicolog\u00eda Cl\u00ednica)<\/p>\n<div align=\"center\"><iframe title=\"YouTube video player\" src=\"https:\/\/www.youtube.com\/embed\/8hE-pEkO070\" width=\"560\" height=\"315\" frameborder=\"0\" allowfullscreen=\"allowfullscreen\" data-mce-fragment=\"1\"><\/iframe><\/div>\n<div align=\"center\"><\/div>\n<ul>\n<li><strong>22\/09\/2022 &#8211; WEBINAR: \u00abEL SENTIDO DEL HUMOR EN EL LUGAR DE TRABAJO, UNA PERSPECTIVA PSICOL\u00d3GICA\u00bb<\/strong><\/li>\n<\/ul>\n<p style=\"padding-left: 40px;\">Impartida por: <strong>Dr. Jos\u00e9 Mar\u00eda Prieto Zamora<\/strong> (Catedr\u00e1tico de Psicolog\u00eda del Trabajo)<\/p>\n<div align=\"center\"><iframe title=\"YouTube video player\" src=\"https:\/\/www.youtube.com\/embed\/fCNbetMepM8\" width=\"560\" height=\"315\" frameborder=\"0\" allowfullscreen=\"allowfullscreen\" data-mce-fragment=\"1\"><\/iframe><\/div>\n<div align=\"center\"><\/div>\n<ul>\n<li><strong>06\/10\/2022 &#8211; WEBINAR: \u00abVIVIR LA VIDA LOCA Y MORIR EN EL INTENTO\u00bb<\/strong><\/li>\n<\/ul>\n<p style=\"padding-left: 40px;\">Impartida por: <strong>Dr. Amalio Blanco Abarca<\/strong> (Catedr\u00e1tico de Psicolog\u00eda Social)<\/p>\n<div align=\"center\"><iframe title=\"YouTube video player\" src=\"https:\/\/www.youtube.com\/embed\/KO2z39wKd_U\" width=\"560\" height=\"315\" frameborder=\"0\" allowfullscreen=\"allowfullscreen\" data-mce-fragment=\"1\"><\/iframe><\/div>\n<div align=\"center\"><\/div>\n<ul>\n<li><strong>20\/10\/2022 &#8211; WEBINAR: \u00abBASES CEREBRALES DE LA IDENTIDAD DE G\u00c9NERO\u00bb<\/strong><\/li>\n<\/ul>\n<p style=\"padding-left: 40px;\">Impartida por: <strong>Dr. Antonio Guillam\u00f3n Fern\u00e1ndez<\/strong> (Catedr\u00e1tico de Psicofisiolog\u00eda)<\/p>\n<div align=\"center\"><iframe title=\"YouTube video player\" src=\"https:\/\/www.youtube.com\/embed\/x5_mqgZZClg\" width=\"560\" height=\"315\" frameborder=\"0\" allowfullscreen=\"allowfullscreen\" data-mce-fragment=\"1\"><\/iframe><\/div>\n<div align=\"center\"><\/div>\n<ul>\n<li><strong>03\/11\/2022 &#8211; WEBINAR: \u00abFACTORES PSICOSOCIALES Y SOLIDARIDAD\u00bb<\/strong><\/li>\n<\/ul>\n<p style=\"padding-left: 40px;\">Impartida por: <strong>Dr. Fernando Chac\u00f3n Fuertes<\/strong> (Catedr\u00e1tico de Psicolog\u00eda Social)<\/p>\n<div align=\"center\"><iframe title=\"YouTube video player\" src=\"https:\/\/www.youtube.com\/embed\/ta_-Cz4Cqg4\" width=\"560\" height=\"315\" frameborder=\"0\" allowfullscreen=\"allowfullscreen\" data-mce-fragment=\"1\"><\/iframe><\/div>\n<div align=\"center\"><\/div>\n<ul>\n<li><strong>10\/11\/2022 &#8211; WEBINAR: \u00ab\u00bfPOR QU\u00c9 NOS QUEJAMOS DE NUESTRA MEMORIA?\u00bb<\/strong><\/li>\n<\/ul>\n<p style=\"padding-left: 40px;\">Impartida por: <strong>Dra. Alicia Salvador Fern\u00e1ndez-Montejo<\/strong> (Catedr\u00e1tica de Psicofisiolog\u00eda)<\/p>\n<div align=\"center\"><iframe title=\"YouTube video player\" src=\"https:\/\/www.youtube.com\/embed\/IJZWOxoo7wc\" width=\"560\" height=\"315\" frameborder=\"0\" allowfullscreen=\"allowfullscreen\" data-mce-fragment=\"1\"><\/iframe><\/div>\n<div align=\"center\"><\/div>\n<ul>\n<li><strong>24\/11\/2022 &#8211; WEBINAR: \u00abDIGITALIZACI\u00d3N Y COMPETENCIAS EN EL TRABAJO\u00bb<\/strong><\/li>\n<\/ul>\n<p style=\"padding-left: 40px;\">Impartida por: <strong>Dr. Jos\u00e9 Mar\u00eda Peir\u00f3 Silla<\/strong> (Catedr\u00e1tico Em\u00e9rito de la Universidad de Valencia)<\/p>\n<div align=\"center\"><iframe title=\"YouTube video player\" src=\"https:\/\/www.youtube.com\/embed\/aOPVuU9wZ1U\" width=\"560\" height=\"315\" frameborder=\"0\" allowfullscreen=\"allowfullscreen\" data-mce-fragment=\"1\"><\/iframe><\/div>\n<div align=\"center\"><\/div>\n<ul>\n<li><strong>15\/12\/2022 &#8211; WEBINAR: \u00abLA EXPERIENCIA DE LA ENFERMEDAD\u00bb<\/strong><\/li>\n<\/ul>\n<p style=\"padding-left: 40px;\">Impartida por: <strong>Dr. Jes\u00fas Rodr\u00edguez Mar\u00edn<\/strong> (Catedr\u00e1tico de Psicolog\u00eda de la Salud)<\/p>\n<div align=\"center\"><iframe title=\"YouTube video player\" src=\"https:\/\/www.youtube.com\/embed\/RKuA2rFkYRA\" width=\"560\" height=\"315\" frameborder=\"0\" allowfullscreen=\"allowfullscreen\" data-mce-fragment=\"1\"><\/iframe><\/div>\n<div align=\"center\"><\/div>\n<p>&nbsp;<\/p>\n<\/div>\n","protected":false},"excerpt":{"rendered":"<p>El 16 de junio la Fundaci\u00f3 per a la Investigaci\u00f3  [&#8230;]<\/p>\n","protected":false},"author":1,"featured_media":1466,"comment_status":"closed","ping_status":"closed","template":"","meta":{"_tribe_events_status":"","_tribe_events_status_reason":"","footnotes":""},"tags":[],"tribe_events_cat":[],"class_list":["post-1468","tribe_events","type-tribe_events","status-publish","has-post-thumbnail","hentry"],"_links":{"self":[{"href":"https:\/\/www.academiapsicologia.com\/index.php\/wp-json\/wp\/v2\/tribe_events\/1468","targetHints":{"allow":["GET"]}}],"collection":[{"href":"https:\/\/www.academiapsicologia.com\/index.php\/wp-json\/wp\/v2\/tribe_events"}],"about":[{"href":"https:\/\/www.academiapsicologia.com\/index.php\/wp-json\/wp\/v2\/types\/tribe_events"}],"author":[{"embeddable":true,"href":"https:\/\/www.academiapsicologia.com\/index.php\/wp-json\/wp\/v2\/users\/1"}],"replies":[{"embeddable":true,"href":"https:\/\/www.academiapsicologia.com\/index.php\/wp-json\/wp\/v2\/comments?post=1468"}],"version-history":[{"count":11,"href":"https:\/\/www.academiapsicologia.com\/index.php\/wp-json\/wp\/v2\/tribe_events\/1468\/revisions"}],"predecessor-version":[{"id":1473,"href":"https:\/\/www.academiapsicologia.com\/index.php\/wp-json\/wp\/v2\/tribe_events\/1468\/revisions\/1473"}],"wp:featuredmedia":[{"embeddable":true,"href":"https:\/\/www.academiapsicologia.com\/index.php\/wp-json\/wp\/v2\/media\/1466"}],"wp:attachment":[{"href":"https:\/\/www.academiapsicologia.com\/index.php\/wp-json\/wp\/v2\/media?parent=1468"}],"wp:term":[{"taxonomy":"post_tag","embeddable":true,"href":"https:\/\/www.academiapsicologia.com\/index.php\/wp-json\/wp\/v2\/tags?post=1468"},{"taxonomy":"tribe_events_cat","embeddable":true,"href":"https:\/\/www.academiapsicologia.com\/index.php\/wp-json\/wp\/v2\/tribe_events_cat?post=1468"}],"curies":[{"name":"wp","href":"https:\/\/api.w.org\/{rel}","templated":true}]}}