{"id":1874,"date":"2022-11-29T15:16:34","date_gmt":"2022-11-29T14:16:34","guid":{"rendered":"https:\/\/www.academiapsicologia.com\/?post_type=tribe_events&#038;p=1874"},"modified":"2022-11-29T15:16:34","modified_gmt":"2022-11-29T14:16:34","slug":"webinar-la-experiencia-de-la-enfermedad","status":"publish","type":"tribe_events","link":"https:\/\/www.academiapsicologia.com\/index.php\/event\/webinar-la-experiencia-de-la-enfermedad\/","title":{"rendered":"Webinar: \u201cLa experiencia de la enfermedad\u201d"},"content":{"rendered":"<div align=\"justify\">\n<h2><strong>Dr. Jes\u00fas Rodr\u00edguez Mar\u00edn<\/strong><\/h2>\n<p>Catedr\u00e1tico Em\u00e9rito de Psicolog\u00eda de la Salud de la Universidad \u00abMiguel Hern\u00e1ndez\u00bb de Elche. Facultativo Especialista en Psicolog\u00eda Cl\u00ednica. Diplomado Internacional en Psicolog\u00eda de la Salud. Acad\u00e9mico Correspondiente de la Real Academia de Medicina de la Comunidad Valenciana. Acad\u00e9mico de N\u00famero de la Academia de Psicolog\u00eda de Espa\u00f1a, Director de su Biblioteca y miembro de su Junta de Gobierno. Presidente de la Sociedad Espa\u00f1ola de Psicolog\u00eda de la Salud. Investigador Em\u00e9rito y Secretario de la Comisi\u00f3n de Investigaci\u00f3n del Instituto de Investigaci\u00f3n Sanitaria y Biom\u00e9dica de Alicante (ISABIAL).<\/p>\n<p>Rector Honorario de la Universidad Miguel Hern\u00e1ndez de Elche. Premio Nacional Jos\u00e9 Luis Pinillos a la Excelencia e Innovaci\u00f3n en Psicolog\u00eda por su trayectoria profesional a lo largo de una vida, edici\u00f3n 2020. Es: Fellow of International Association of Applied Psychology, Fellow of the Society for the Psychological Study of Social Issues.<\/p>\n<p>Miembro de: American Psychological Association, Academic of Sciences of New York, Col\u2022legi Oficial de Psicologia de la Comunitat Valenciana, Sociedad Espa\u00f1ola de Psicolog\u00eda, Sociedad Espa\u00f1ola de Psicolog\u00eda de la Salud, Sociedad Espa\u00f1ola para el Estudio de la Ansiedad y el Estr\u00e9s, Sociedad para el Estudio Avanzado en Psicolog\u00eda Cl\u00ednica de la Salud, Socio de Honor de la Sociedad Espa\u00f1ola para el Avance en Psicolog\u00eda Cl\u00ednica y de la Salud y Socio de Honor de la Sociedad Espa\u00f1ola de Psicolog\u00eda Social.<\/p>\n<p>Editor Asociado de la Revista de Psicolog\u00eda de la Salud \/ Journal of Health Psychology y miembro del Consejo Editorial de las revistas: An\u00e1lisis y Modificaci\u00f3n de Conducta, Adicciones (Revista de Sociodrogalcohol), Ansiedad y Estr\u00e9s, Anuari de Psicologia, Cl\u00ednica y Salud, Delincuencia, Interacci\u00f3n Social, Health Psychology Review, Journal of Health Psychology, Psychology in Spain, Revista de Psicolog\u00eda General y Aplicada, Revista de Psicolog\u00eda y Salud, Revista de Psicooncolog\u00eda, Salud y Drogas.<\/p>\n<p>Ha publicado varios libros y m\u00e1s de 100 art\u00edculos sobre problemas psicosociales asociados a la enfermedad cr\u00f3nica; afrontamiento y ajuste psicosocial a la enfermedad, el estr\u00e9s por hospitalizaci\u00f3n y a los tratamientos m\u00e9dicos estresantes; la calidad de vida en enfermos cr\u00f3nicos y sobre el impacto psicol\u00f3gico de la hospitalizaci\u00f3n; sobre la calidad de los servicios de asistencia sanitaria y la calidad de los servicios de educaci\u00f3n superior. Tiene reconocidos 6 sexenios de investigaci\u00f3n y 7 quinquenios docentes. Ha dirigido o participado en 32 proyectos de investigaci\u00f3n nacionales e internacionales y ha dirigido 28 Tesis doctorales.<\/p>\n<\/div>\n<div align=\"justify\">\n<div align=\"center\"><div class=\"fusion-button-wrapper\"><a class=\"fusion-button button-flat fusion-button-default-size button-custom fusion-button-default button-1 fusion-button-default-span fusion-button-default-type\" style=\"--button_bevel_color:#8a5e9e;--button_accent_color:#ffffff;--button_accent_hover_color:#ffffff;--button_border_hover_color:#ffffff;--button_gradient_top_color:#b67cd1;--button_gradient_bottom_color:#b67cd1;--button_gradient_top_color_hover:#b67cd1;--button_gradient_bottom_color_hover:#b67cd1;\" target=\"_blank\" rel=\"noopener noreferrer\" href=\"https:\/\/www.academiapsicologia.com\/wp-content\/uploads\/2022\/11\/20221215-La-experiencia-de-la-enfermedad.pdf\"><span class=\"fusion-button-text\">Descargar Invitaci\u00f3n<\/span><\/a><\/div><\/div>\n<p>&nbsp;<\/p>\n<div align=\"center\"><div class=\"fusion-button-wrapper\"><a class=\"fusion-button button-flat fusion-button-default-size button-custom fusion-button-default button-2 fusion-button-default-span fusion-button-default-type\" style=\"--button_accent_color:#ffffff;--button_border_color:#8a5e9e;--button_accent_hover_color:#ffffff;--button_border_hover_color:#ffffff;--button_gradient_top_color:#b67cd1;--button_gradient_bottom_color:#b67cd1;--button_gradient_top_color_hover:#b67cd1;--button_gradient_bottom_color_hover:#b67cd1;\" target=\"_blank\" rel=\"noopener noreferrer\" href=\"https:\/\/www.cop-cv.org\/formacion\/4339\"><span class=\"fusion-button-text\">Inscripci\u00f3n con registro para obtenci\u00f3n certificaci\u00f3n<\/span><\/a><\/div><\/div>\n<p>&nbsp;<\/p>\n<div align=\"center\"><div class=\"fusion-button-wrapper\"><a class=\"fusion-button button-flat fusion-button-default-size button-custom fusion-button-default button-3 fusion-button-default-span fusion-button-default-type\" style=\"--button_accent_color:#ffffff;--button_border_color:#8a5e9e;--button_accent_hover_color:#ffffff;--button_border_hover_color:#ffffff;--button_gradient_top_color:#b67cd1;--button_gradient_bottom_color:#b67cd1;--button_gradient_top_color_hover:#b67cd1;--button_gradient_bottom_color_hover:#b67cd1;\" target=\"_blank\" rel=\"noopener noreferrer\" href=\"https:\/\/www.cop-cv.org\/formacion\/emision-en-directo\/4339\"><span class=\"fusion-button-text\">Acceso libre sin registro<\/span><\/a><\/div><\/div>\n<\/div>\n<p>&nbsp;<\/p>\n<p>&nbsp;<\/p>\n","protected":false},"excerpt":{"rendered":"<p>Dr. Jes\u00fas Rodr\u00edguez Mar\u00edn Catedr\u00e1tico Em\u00e9rito de Psicolog\u00eda de la  [&#8230;]<\/p>\n","protected":false},"author":1,"featured_media":1875,"comment_status":"closed","ping_status":"closed","template":"","meta":{"_tribe_events_status":"","_tribe_events_status_reason":"","footnotes":""},"tags":[],"tribe_events_cat":[],"class_list":["post-1874","tribe_events","type-tribe_events","status-publish","has-post-thumbnail","hentry"],"_links":{"self":[{"href":"https:\/\/www.academiapsicologia.com\/index.php\/wp-json\/wp\/v2\/tribe_events\/1874","targetHints":{"allow":["GET"]}}],"collection":[{"href":"https:\/\/www.academiapsicologia.com\/index.php\/wp-json\/wp\/v2\/tribe_events"}],"about":[{"href":"https:\/\/www.academiapsicologia.com\/index.php\/wp-json\/wp\/v2\/types\/tribe_events"}],"author":[{"embeddable":true,"href":"https:\/\/www.academiapsicologia.com\/index.php\/wp-json\/wp\/v2\/users\/1"}],"replies":[{"embeddable":true,"href":"https:\/\/www.academiapsicologia.com\/index.php\/wp-json\/wp\/v2\/comments?post=1874"}],"version-history":[{"count":3,"href":"https:\/\/www.academiapsicologia.com\/index.php\/wp-json\/wp\/v2\/tribe_events\/1874\/revisions"}],"predecessor-version":[{"id":2158,"href":"https:\/\/www.academiapsicologia.com\/index.php\/wp-json\/wp\/v2\/tribe_events\/1874\/revisions\/2158"}],"wp:featuredmedia":[{"embeddable":true,"href":"https:\/\/www.academiapsicologia.com\/index.php\/wp-json\/wp\/v2\/media\/1875"}],"wp:attachment":[{"href":"https:\/\/www.academiapsicologia.com\/index.php\/wp-json\/wp\/v2\/media?parent=1874"}],"wp:term":[{"taxonomy":"post_tag","embeddable":true,"href":"https:\/\/www.academiapsicologia.com\/index.php\/wp-json\/wp\/v2\/tags?post=1874"},{"taxonomy":"tribe_events_cat","embeddable":true,"href":"https:\/\/www.academiapsicologia.com\/index.php\/wp-json\/wp\/v2\/tribe_events_cat?post=1874"}],"curies":[{"name":"wp","href":"https:\/\/api.w.org\/{rel}","templated":true}]}}