{"id":2132,"date":"2023-05-16T19:41:30","date_gmt":"2023-05-16T17:41:30","guid":{"rendered":"https:\/\/www.academiapsicologia.com\/?post_type=tribe_events&#038;p=2132"},"modified":"2023-12-22T17:24:29","modified_gmt":"2023-12-22T16:24:29","slug":"3a-edicion-2023-encuentros-en-la-fundacion","status":"publish","type":"tribe_events","link":"https:\/\/www.academiapsicologia.com\/index.php\/event\/3a-edicion-2023-encuentros-en-la-fundacion\/","title":{"rendered":"3\u00aa edici\u00f3n | 2023 &#8211; ENCUENTROS EN LA FUNDACI\u00d3N"},"content":{"rendered":"<div class=\"fusion-button-wrapper\"><a class=\"fusion-button button-flat fusion-button-default-size button-custom fusion-button-default button-1 fusion-button-default-span fusion-button-default-type\" style=\"--button_accent_color:#ffffff;--button_border_color:#8a5e9e;--button_accent_hover_color:#000000;--button_border_hover_color:#000000;--button_gradient_top_color:#b67cd1;--button_gradient_bottom_color:#b67cd1;--button_gradient_top_color_hover:#b67cd1;--button_gradient_bottom_color_hover:#b67cd1;\" target=\"_blank\" rel=\"noopener noreferrer\" href=\"https:\/\/www.academiapsicologia.com\/wp-content\/uploads\/2023\/12\/3a-edicion-2023-ENCUENTROS-EN-LA-FUNDACION.pdf\"><i class=\"fa-info-circle fas button-icon-left\" aria-hidden=\"true\"><\/i><span class=\"fusion-button-text\">DESCARGAR PROGRAMA<\/span><\/a><\/div>\n<p><a href=\"https:\/\/www.academiapsicologia.com\/wp-content\/uploads\/2023\/12\/3a-edicion-2023-ENCUENTROS-EN-LA-FUNDACION.pdf\" target=\"_blank\" rel=\"noopener\"><img decoding=\"async\" class=\"alignnone wp-image-2398 size-full\" src=\"https:\/\/www.academiapsicologia.com\/wp-content\/uploads\/2023\/12\/Difusion-encuentros-en-la-Fundacion-2023-01.jpg\" alt=\"\" width=\"1000\" height=\"707\" srcset=\"https:\/\/www.academiapsicologia.com\/wp-content\/uploads\/2023\/12\/Difusion-encuentros-en-la-Fundacion-2023-01-200x141.jpg 200w, https:\/\/www.academiapsicologia.com\/wp-content\/uploads\/2023\/12\/Difusion-encuentros-en-la-Fundacion-2023-01-300x212.jpg 300w, https:\/\/www.academiapsicologia.com\/wp-content\/uploads\/2023\/12\/Difusion-encuentros-en-la-Fundacion-2023-01-400x283.jpg 400w, https:\/\/www.academiapsicologia.com\/wp-content\/uploads\/2023\/12\/Difusion-encuentros-en-la-Fundacion-2023-01-600x424.jpg 600w, https:\/\/www.academiapsicologia.com\/wp-content\/uploads\/2023\/12\/Difusion-encuentros-en-la-Fundacion-2023-01-768x543.jpg 768w, https:\/\/www.academiapsicologia.com\/wp-content\/uploads\/2023\/12\/Difusion-encuentros-en-la-Fundacion-2023-01-800x566.jpg 800w, https:\/\/www.academiapsicologia.com\/wp-content\/uploads\/2023\/12\/Difusion-encuentros-en-la-Fundacion-2023-01.jpg 1000w\" sizes=\"(max-width: 1000px) 100vw, 1000px\" \/><\/a><\/p>\n<ul>\n<li><strong>15\/06\/2023 &#8211; WEBINAR: \u00abREDES SOCIALES, INDIVIDUOS FLOTANTES Y SALUD MENTAL: NUEVA VIDA PARA LA PSICOTERAPIA\u00bb<\/strong><\/li>\n<\/ul>\n<p style=\"padding-left: 40px;\">Impartido por: <strong>Dr. D. Marino P\u00e9rez \u00c1lvarez<\/strong> (Psic\u00f3logo, especialista en psicolog\u00eda cl\u00ednica y miembro de n\u00famero de la Academia de Psicolog\u00eda de Espa\u00f1a)<\/p>\n<div align=\"center\"><iframe title=\"YouTube video player\" src=\"https:\/\/www.youtube.com\/embed\/acimNxvDhN0\" width=\"560\" height=\"315\" frameborder=\"0\" allowfullscreen=\"allowfullscreen\" data-mce-fragment=\"1\"><span data-mce-type=\"bookmark\" style=\"display: inline-block; width: 0px; overflow: hidden; line-height: 0;\" class=\"mce_SELRES_start\">\ufeff<\/span><\/iframe><\/div>\n<div align=\"center\"><\/div>\n<ul>\n<li><strong>29\/06\/2023 &#8211; WEBINAR: \u00abLA ESPECIE HUMANA ES \u00c9TICA\u00bb<\/strong><\/li>\n<\/ul>\n<p style=\"padding-left: 40px;\">Impartido por: <strong>Dr. D. Javier Urra Portillo<\/strong> (Dr. en Psicolog\u00eda con la especialidad de Cl\u00ednica y Forense. Dr. en Ciencias de la Salud. Profesor en Pedagog\u00eda Terap\u00e9utica)<\/p>\n<div align=\"center\"><iframe title=\"YouTube video player\" src=\"https:\/\/www.youtube.com\/embed\/e-CVriqVZVo\" width=\"560\" height=\"315\" frameborder=\"0\" allowfullscreen=\"allowfullscreen\" data-mce-fragment=\"1\"><span data-mce-type=\"bookmark\" style=\"display: inline-block; width: 0px; overflow: hidden; line-height: 0;\" class=\"mce_SELRES_start\">\ufeff<\/span><span data-mce-type=\"bookmark\" style=\"display: inline-block; width: 0px; overflow: hidden; line-height: 0;\" class=\"mce_SELRES_start\">\ufeff<\/span><\/iframe><\/div>\n<div align=\"center\"><\/div>\n<div align=\"center\"><\/div>\n<ul>\n<li><strong>14\/09\/2023 &#8211; WEBINAR: \u00abEN CASA DEL HERRERO CUCHILLO DE PALO: IDEAS EQUIVOCADAS SOBRE LA DEPRESI\u00d3N\u00bb<\/strong><\/li>\n<\/ul>\n<p style=\"padding-left: 40px;\">Impartido por: <strong>Dra. D\u00aa. Mar\u00eda Paz Garc\u00eda-Vera<\/strong> (Catedr\u00e1tica de psicolog\u00eda cl\u00ednica del Departamento de Personalidad, Evaluaci\u00f3n y Psicolog\u00eda Cl\u00ednica de la Universidad Complutense de Madrid (UCM))<\/p>\n<div align=\"center\"><iframe title=\"YouTube video player\" src=\"https:\/\/www.youtube.com\/embed\/3bqpHDEh-pg\" width=\"560\" height=\"315\" frameborder=\"0\" allowfullscreen=\"allowfullscreen\" data-mce-fragment=\"1\"><span data-mce-type=\"bookmark\" style=\"display: inline-block; width: 0px; overflow: hidden; line-height: 0;\" class=\"mce_SELRES_start\">\ufeff<\/span><span data-mce-type=\"bookmark\" style=\"display: inline-block; width: 0px; overflow: hidden; line-height: 0;\" class=\"mce_SELRES_start\">\ufeff<\/span><span data-mce-type=\"bookmark\" style=\"display: inline-block; width: 0px; overflow: hidden; line-height: 0;\" class=\"mce_SELRES_start\">\ufeff<\/span><\/iframe><\/div>\n<div align=\"center\"><\/div>\n<ul>\n<li><strong>28\/09\/2023 &#8211; WEBINAR: \u00abTELETRABAJO Y DESARROLLO SOSTENIBLE DE LAS ORGANIZACIONES\u00bb<\/strong><\/li>\n<\/ul>\n<p style=\"padding-left: 40px;\">Impartido por: <strong>Dr. D. Jos\u00e9 Mar\u00eda Peir\u00f3 Silla<\/strong> (Profesor de Psicolog\u00eda Social de las Organizaciones de la Universidad de Valencia)<\/p>\n<div align=\"center\"><iframe title=\"YouTube video player\" src=\"https:\/\/www.youtube.com\/embed\/876IBGOLb1Q\" width=\"560\" height=\"315\" frameborder=\"0\" allowfullscreen=\"allowfullscreen\" data-mce-fragment=\"1\"><span data-mce-type=\"bookmark\" style=\"display: inline-block; width: 0px; overflow: hidden; line-height: 0;\" class=\"mce_SELRES_start\">\ufeff<\/span><span data-mce-type=\"bookmark\" style=\"display: inline-block; width: 0px; overflow: hidden; line-height: 0;\" class=\"mce_SELRES_start\">\ufeff<\/span><span data-mce-type=\"bookmark\" style=\"display: inline-block; width: 0px; overflow: hidden; line-height: 0;\" class=\"mce_SELRES_start\">\ufeff<\/span><span data-mce-type=\"bookmark\" style=\"display: inline-block; width: 0px; overflow: hidden; line-height: 0;\" class=\"mce_SELRES_start\">\ufeff<\/span><\/iframe><\/div>\n<div align=\"center\"><\/div>\n<ul>\n<li><strong>19\/10\/2023 &#8211; WEBINAR: \u00abBIENESTAR Y MALESTAR EN EL DEPORTE. ANTECEDENTES PSICOSOCIALES\u00bb<\/strong><\/li>\n<\/ul>\n<p style=\"padding-left: 40px;\">Impartido por: <strong>Dra. D\u00aa. Mar\u00eda Isabel Balaguer Sol\u00e1<\/strong> (Catedr\u00e1tica de Psicolog\u00eda Social en la Universitat de Valencia)<\/p>\n<div align=\"center\"><iframe title=\"YouTube video player\" src=\"https:\/\/www.youtube.com\/embed\/40UT-pGRx_A\" width=\"560\" height=\"315\" frameborder=\"0\" allowfullscreen=\"allowfullscreen\" data-mce-fragment=\"1\"><span data-mce-type=\"bookmark\" style=\"display: inline-block; width: 0px; overflow: hidden; line-height: 0;\" class=\"mce_SELRES_start\">\ufeff<\/span><span data-mce-type=\"bookmark\" style=\"display: inline-block; width: 0px; overflow: hidden; line-height: 0;\" class=\"mce_SELRES_start\">\ufeff<\/span><span data-mce-type=\"bookmark\" style=\"display: inline-block; width: 0px; overflow: hidden; line-height: 0;\" class=\"mce_SELRES_start\">\ufeff<\/span><span data-mce-type=\"bookmark\" style=\"display: inline-block; width: 0px; overflow: hidden; line-height: 0;\" class=\"mce_SELRES_start\">\ufeff<\/span><span data-mce-type=\"bookmark\" style=\"display: inline-block; width: 0px; overflow: hidden; line-height: 0;\" class=\"mce_SELRES_start\">\ufeff<\/span><\/iframe><\/div>\n<div align=\"center\"><\/div>\n<ul>\n<li><strong>26\/10\/2023 &#8211; WEBINAR: \u00abLA RESILIENCIA COMUNITARIA COMO HERRAMIENTA DE INTERVENCI\u00d3N\u00bb<\/strong><\/li>\n<\/ul>\n<p style=\"padding-left: 40px;\">Impartido por: <strong>Dr. D. Amalio Blanco Abarca<\/strong> (Catedr\u00e1tico em\u00e9rito de Psicolog\u00eda en la Universidad Aut\u00f3noma de Madrid)<\/p>\n<div align=\"center\"><iframe title=\"YouTube video player\" src=\"https:\/\/www.youtube.com\/embed\/UK35ry-pT-8\" width=\"560\" height=\"315\" frameborder=\"0\" allowfullscreen=\"allowfullscreen\" data-mce-fragment=\"1\"><span data-mce-type=\"bookmark\" style=\"display: inline-block; width: 0px; overflow: hidden; line-height: 0;\" class=\"mce_SELRES_start\">\ufeff<\/span><span data-mce-type=\"bookmark\" style=\"display: inline-block; width: 0px; overflow: hidden; line-height: 0;\" class=\"mce_SELRES_start\">\ufeff<\/span><span data-mce-type=\"bookmark\" style=\"display: inline-block; width: 0px; overflow: hidden; line-height: 0;\" class=\"mce_SELRES_start\">\ufeff<\/span><span data-mce-type=\"bookmark\" style=\"display: inline-block; width: 0px; overflow: hidden; line-height: 0;\" class=\"mce_SELRES_start\">\ufeff<\/span><span data-mce-type=\"bookmark\" style=\"display: inline-block; width: 0px; overflow: hidden; line-height: 0;\" class=\"mce_SELRES_start\">\ufeff<\/span><span data-mce-type=\"bookmark\" style=\"display: inline-block; width: 0px; overflow: hidden; line-height: 0;\" class=\"mce_SELRES_start\">\ufeff<\/span><\/iframe><\/div>\n<div align=\"center\"><\/div>\n<ul>\n<li><strong>02\/11\/2023 &#8211; WEBINAR: \u00abMEDIACI\u00d3N DE CONFLICTOS EN TIEMPOS DE CRISIS\u00bb<\/strong><\/li>\n<\/ul>\n<p style=\"padding-left: 40px;\">Impartido por: <strong>Dra. D\u00aa.<\/strong><strong> Lourdes Munduate Jaca<\/strong> (Catedr\u00e1tica de Psicolog\u00eda Social de las Organizaciones)<\/p>\n<div align=\"center\"><iframe title=\"YouTube video player\" src=\"https:\/\/www.youtube.com\/embed\/K0zgGB9XPA8\" width=\"560\" height=\"315\" frameborder=\"0\" allowfullscreen=\"allowfullscreen\" data-mce-fragment=\"1\"><span data-mce-type=\"bookmark\" style=\"display: inline-block; width: 0px; overflow: hidden; line-height: 0;\" class=\"mce_SELRES_start\">\ufeff<\/span><span data-mce-type=\"bookmark\" style=\"display: inline-block; width: 0px; overflow: hidden; line-height: 0;\" class=\"mce_SELRES_start\">\ufeff<\/span><span data-mce-type=\"bookmark\" style=\"display: inline-block; width: 0px; overflow: hidden; line-height: 0;\" class=\"mce_SELRES_start\">\ufeff<\/span><span data-mce-type=\"bookmark\" style=\"display: inline-block; width: 0px; overflow: hidden; line-height: 0;\" class=\"mce_SELRES_start\">\ufeff<\/span><span data-mce-type=\"bookmark\" style=\"display: inline-block; width: 0px; overflow: hidden; line-height: 0;\" class=\"mce_SELRES_start\">\ufeff<\/span><span data-mce-type=\"bookmark\" style=\"display: inline-block; width: 0px; overflow: hidden; line-height: 0;\" class=\"mce_SELRES_start\">\ufeff<\/span><span data-mce-type=\"bookmark\" style=\"display: inline-block; width: 0px; overflow: hidden; line-height: 0;\" class=\"mce_SELRES_start\">\ufeff<\/span><\/iframe><\/div>\n<div align=\"center\"><\/div>\n<ul>\n<li><strong>16\/11\/2023 &#8211; WEBINAR: \u00abLOS SISTEMAS DIAGN\u00d3STICOS EN LA ENCRUCIJADA: \u00bfHAY VIDA DESPU\u00c9S DEL DSM?\u00bb<\/strong><\/li>\n<\/ul>\n<p style=\"padding-left: 40px;\">Impartido por: <strong>Dr. D. Carmelo V\u00e1zquez Valverde<\/strong> (Catedr\u00e1tico de Psicopatolog\u00eda de la Facultad de Psicolog\u00eda UCM)<\/p>\n<div align=\"center\"><iframe title=\"YouTube video player\" src=\"https:\/\/www.youtube.com\/embed\/UM6fd7jOLqY\" width=\"560\" height=\"315\" frameborder=\"0\" allowfullscreen=\"allowfullscreen\" data-mce-fragment=\"1\"><span data-mce-type=\"bookmark\" style=\"display: inline-block; width: 0px; overflow: hidden; line-height: 0;\" class=\"mce_SELRES_start\">\ufeff<\/span><span data-mce-type=\"bookmark\" style=\"display: inline-block; width: 0px; overflow: hidden; line-height: 0;\" class=\"mce_SELRES_start\">\ufeff<\/span><span data-mce-type=\"bookmark\" style=\"display: inline-block; width: 0px; overflow: hidden; line-height: 0;\" class=\"mce_SELRES_start\">\ufeff<\/span><span data-mce-type=\"bookmark\" style=\"display: inline-block; width: 0px; overflow: hidden; line-height: 0;\" class=\"mce_SELRES_start\">\ufeff<\/span><span data-mce-type=\"bookmark\" style=\"display: inline-block; width: 0px; overflow: hidden; line-height: 0;\" class=\"mce_SELRES_start\">\ufeff<\/span><span data-mce-type=\"bookmark\" style=\"display: inline-block; width: 0px; overflow: hidden; line-height: 0;\" class=\"mce_SELRES_start\">\ufeff<\/span><span data-mce-type=\"bookmark\" style=\"display: inline-block; width: 0px; overflow: hidden; line-height: 0;\" class=\"mce_SELRES_start\">\ufeff<\/span><span data-mce-type=\"bookmark\" style=\"display: inline-block; width: 0px; overflow: hidden; line-height: 0;\" class=\"mce_SELRES_start\">\ufeff<\/span><\/iframe><\/div>\n<div align=\"center\"><\/div>\n<ul>\n<li><strong>30\/11\/2023 &#8211; WEBINAR: \u00abRELIGIONES CON O SIN SENTIDO DEL HUMOR, UNA PERSPECTIVA PSICOL\u00d3GICA\u00bb<\/strong><\/li>\n<\/ul>\n<p style=\"padding-left: 40px;\">Impartido por: <strong>Dr. D. Jos\u00e9 Mar\u00eda Prieto Zamora<\/strong> (Catedr\u00e1tico de Psicolog\u00eda de la Universidad Complutense de Madrid)<\/p>\n<div align=\"center\"><iframe title=\"YouTube video player\" src=\"https:\/\/www.youtube.com\/embed\/I-izNcQnRks\" width=\"560\" height=\"315\" frameborder=\"0\" allowfullscreen=\"allowfullscreen\" data-mce-fragment=\"1\"><span data-mce-type=\"bookmark\" style=\"display: inline-block; width: 0px; overflow: hidden; line-height: 0;\" class=\"mce_SELRES_start\">\ufeff<\/span><span data-mce-type=\"bookmark\" style=\"display: inline-block; width: 0px; overflow: hidden; line-height: 0;\" class=\"mce_SELRES_start\">\ufeff<\/span><span data-mce-type=\"bookmark\" style=\"display: inline-block; width: 0px; overflow: hidden; line-height: 0;\" class=\"mce_SELRES_start\">\ufeff<\/span><span data-mce-type=\"bookmark\" style=\"display: inline-block; width: 0px; overflow: hidden; line-height: 0;\" class=\"mce_SELRES_start\">\ufeff<\/span><span data-mce-type=\"bookmark\" style=\"display: inline-block; width: 0px; overflow: hidden; line-height: 0;\" class=\"mce_SELRES_start\">\ufeff<\/span><span data-mce-type=\"bookmark\" style=\"display: inline-block; width: 0px; overflow: hidden; line-height: 0;\" class=\"mce_SELRES_start\">\ufeff<\/span><span data-mce-type=\"bookmark\" style=\"display: inline-block; width: 0px; overflow: hidden; line-height: 0;\" class=\"mce_SELRES_start\">\ufeff<\/span><span data-mce-type=\"bookmark\" style=\"display: inline-block; width: 0px; overflow: hidden; line-height: 0;\" class=\"mce_SELRES_start\">\ufeff<\/span><span data-mce-type=\"bookmark\" style=\"display: inline-block; width: 0px; overflow: hidden; line-height: 0;\" class=\"mce_SELRES_start\">\ufeff<\/span><\/iframe><\/div>\n<div align=\"center\"><\/div>\n<ul>\n<li><strong>14\/12\/2023 &#8211; WEBINAR: \u00abJUEGO PATOL\u00d3GICO. FACTORES DESENCADENANTES Y TRATAMIENTO\u00bb<\/strong><\/li>\n<\/ul>\n<p style=\"padding-left: 40px;\">Impartido por: <strong>Dr. D. Francisco Javier Labrador Encinas<\/strong> (Catedr\u00e1tico Em\u00e9rito de Psicolog\u00eda de la Universidad Complutense de Madrid)<\/p>\n<div align=\"center\"><iframe title=\"YouTube video player\" src=\"https:\/\/www.youtube.com\/embed\/pcB3S3eGInI\" width=\"560\" height=\"315\" frameborder=\"0\" allowfullscreen=\"allowfullscreen\" data-mce-fragment=\"1\"><span data-mce-type=\"bookmark\" style=\"display: inline-block; width: 0px; overflow: hidden; line-height: 0;\" class=\"mce_SELRES_start\">\ufeff<\/span><span data-mce-type=\"bookmark\" style=\"display: inline-block; width: 0px; overflow: hidden; line-height: 0;\" class=\"mce_SELRES_start\">\ufeff<\/span><span data-mce-type=\"bookmark\" style=\"display: inline-block; width: 0px; overflow: hidden; line-height: 0;\" class=\"mce_SELRES_start\">\ufeff<\/span><span data-mce-type=\"bookmark\" style=\"display: inline-block; width: 0px; overflow: hidden; line-height: 0;\" class=\"mce_SELRES_start\">\ufeff<\/span><span data-mce-type=\"bookmark\" style=\"display: inline-block; width: 0px; overflow: hidden; line-height: 0;\" class=\"mce_SELRES_start\">\ufeff<\/span><span data-mce-type=\"bookmark\" style=\"display: inline-block; width: 0px; overflow: hidden; line-height: 0;\" class=\"mce_SELRES_start\">\ufeff<\/span><span data-mce-type=\"bookmark\" style=\"display: inline-block; width: 0px; overflow: hidden; line-height: 0;\" class=\"mce_SELRES_start\">\ufeff<\/span><span data-mce-type=\"bookmark\" style=\"display: inline-block; width: 0px; overflow: hidden; line-height: 0;\" class=\"mce_SELRES_start\">\ufeff<\/span><span data-mce-type=\"bookmark\" style=\"display: inline-block; width: 0px; overflow: hidden; line-height: 0;\" class=\"mce_SELRES_start\">\ufeff<\/span><span data-mce-type=\"bookmark\" style=\"display: inline-block; width: 0px; overflow: hidden; line-height: 0;\" class=\"mce_SELRES_start\">\ufeff<\/span><\/iframe><\/div>\n<p>&nbsp;<\/p>\n","protected":false},"excerpt":{"rendered":"<p>15\/06\/2023 &#8211; WEBINAR: \u00abREDES SOCIALES, INDIVIDUOS FLOTANTES Y SALUD MENTAL:  [&#8230;]<\/p>\n","protected":false},"author":1,"featured_media":2399,"comment_status":"closed","ping_status":"closed","template":"","meta":{"_tribe_events_status":"","_tribe_events_status_reason":"","footnotes":""},"tags":[],"tribe_events_cat":[],"class_list":["post-2132","tribe_events","type-tribe_events","status-publish","has-post-thumbnail","hentry"],"_links":{"self":[{"href":"https:\/\/www.academiapsicologia.com\/index.php\/wp-json\/wp\/v2\/tribe_events\/2132","targetHints":{"allow":["GET"]}}],"collection":[{"href":"https:\/\/www.academiapsicologia.com\/index.php\/wp-json\/wp\/v2\/tribe_events"}],"about":[{"href":"https:\/\/www.academiapsicologia.com\/index.php\/wp-json\/wp\/v2\/types\/tribe_events"}],"author":[{"embeddable":true,"href":"https:\/\/www.academiapsicologia.com\/index.php\/wp-json\/wp\/v2\/users\/1"}],"replies":[{"embeddable":true,"href":"https:\/\/www.academiapsicologia.com\/index.php\/wp-json\/wp\/v2\/comments?post=2132"}],"version-history":[{"count":14,"href":"https:\/\/www.academiapsicologia.com\/index.php\/wp-json\/wp\/v2\/tribe_events\/2132\/revisions"}],"predecessor-version":[{"id":2405,"href":"https:\/\/www.academiapsicologia.com\/index.php\/wp-json\/wp\/v2\/tribe_events\/2132\/revisions\/2405"}],"wp:featuredmedia":[{"embeddable":true,"href":"https:\/\/www.academiapsicologia.com\/index.php\/wp-json\/wp\/v2\/media\/2399"}],"wp:attachment":[{"href":"https:\/\/www.academiapsicologia.com\/index.php\/wp-json\/wp\/v2\/media?parent=2132"}],"wp:term":[{"taxonomy":"post_tag","embeddable":true,"href":"https:\/\/www.academiapsicologia.com\/index.php\/wp-json\/wp\/v2\/tags?post=2132"},{"taxonomy":"tribe_events_cat","embeddable":true,"href":"https:\/\/www.academiapsicologia.com\/index.php\/wp-json\/wp\/v2\/tribe_events_cat?post=2132"}],"curies":[{"name":"wp","href":"https:\/\/api.w.org\/{rel}","templated":true}]}}