{"id":2181,"date":"2023-06-14T09:20:07","date_gmt":"2023-06-14T07:20:07","guid":{"rendered":"https:\/\/www.academiapsicologia.com\/?post_type=tribe_events&#038;p=2181"},"modified":"2023-06-29T12:17:31","modified_gmt":"2023-06-29T10:17:31","slug":"xx-escuela-de-psicologia-jose-germain-psicologia-y-psicopatologia-en-la-vida-actual","status":"publish","type":"tribe_events","link":"https:\/\/www.academiapsicologia.com\/index.php\/event\/xx-escuela-de-psicologia-jose-germain-psicologia-y-psicopatologia-en-la-vida-actual\/","title":{"rendered":"XX Escuela de Psicolog\u00eda \u00abJos\u00e9 Germain\u00bb. Psicolog\u00eda y psicopatolog\u00eda en la vida actual"},"content":{"rendered":"<div style=\"text-align: left;\" align=\"right\">\n<\/p>\n<div class=\"table-1\">\n<table width=\"100%\">\n<thead>\n<tr>\n<th align=\"left\"><div class=\"fusion-button-wrapper\"><a class=\"fusion-button button-flat fusion-button-default-size button-custom fusion-button-default button-1 fusion-button-default-span fusion-button-default-type\" style=\"--button_accent_color:#ffffff;--button_border_color:#8a5e9e;--button_accent_hover_color:#000000;--button_border_hover_color:#000000;--button_gradient_top_color:#b67cd1;--button_gradient_bottom_color:#b67cd1;--button_gradient_top_color_hover:#b67cd1;--button_gradient_bottom_color_hover:#b67cd1;\" target=\"_blank\" rel=\"noopener noreferrer\" href=\"https:\/\/uimp.es\/agenda-link.html?id_actividad=65EP&amp;anyaca=2023-24&amp;trk=public_post_comment-text\"><i class=\"fa-info-circle fas button-icon-left\" aria-hidden=\"true\"><\/i><span class=\"fusion-button-text\">MATRICULA ONLINE<\/span><\/a><\/div><\/th>\n<th style=\"text-align: right;\" align=\"left\"><div class=\"fusion-button-wrapper\"><a class=\"fusion-button button-flat fusion-button-default-size button-custom fusion-button-default button-2 fusion-button-default-span fusion-button-default-type\" style=\"--button_accent_color:#ffffff;--button_border_color:#8a5e9e;--button_accent_hover_color:#000000;--button_border_hover_color:#000000;--button_gradient_top_color:#b67cd1;--button_gradient_bottom_color:#b67cd1;--button_gradient_top_color_hover:#b67cd1;--button_gradient_bottom_color_hover:#b67cd1;\" target=\"_blank\" rel=\"noopener noreferrer\" href=\"https:\/\/www.academiapsicologia.com\/wp-content\/uploads\/2023\/06\/XX-Escuela-de-Psicologia-Jose-Germain.-Psicologia-y-psicopatologia-en-la-vida-actual-Triptico.pdf\"><i class=\"fa-map fas button-icon-left\" aria-hidden=\"true\"><\/i><span class=\"fusion-button-text\">TR\u00cdPTICO DEL CURSO<\/span><\/a><\/div><\/th>\n<\/tr>\n<\/thead>\n<\/table>\n<\/div>\n<p>\n<\/div>\n<div align=\"justify\">\n<h2><strong>Sede donde se gestiona<\/strong><\/h2>\n<p>Santander<\/p>\n<h2><strong>Lugar de impartici\u00f3n<\/strong><\/h2>\n<p>Santander &#8211; Pen\u00ednsula de la Magdalena<\/p>\n<h2><strong>Direcci\u00f3n<\/strong><\/h2>\n<p><strong>Helio Carpintero<\/strong><br \/>\n<em>Catedr\u00e1tico Em\u00e9rito<br \/>\nMiembro de la Academia de Psicolog\u00eda de Espa\u00f1a<br \/>\nDe la Real Academia de Ciencias Morales y Pol\u00edticas<\/em><\/p>\n<div class=\"pestania_informacion_general\">\n<div class=\"contenido\">\n<h2><strong>Descripci\u00f3n de la actividad<\/strong><\/h2>\n<p>La creaci\u00f3n, a comienzos de este siglo, de la \u201cEscuela de Psicolog\u00eda Jos\u00e9 Germain\u201d, ha hecho posible presentar en el marco de esta Universidad Internacional, los logros de los docentes e investigadores espa\u00f1oles que contribuyen a resolver en el pa\u00eds muchos y diversos problemas individuales y sociales, al tiempo que permiten el avance del conocimiento en este campo especializado.<\/p>\n<p>A principios del siglo XX, uno de los pensadores que ha marcado el desarrollo del pensamiento y de la vida occidentales, Sigmund Freud, percibi\u00f3 la importancia que dentro de la vida cotidiana ten\u00edan y tienen determinadas situaciones que generan trastornos m\u00e1s o menos profundos en la vida de las personas y que muchas ocasiones permanecen sin tratamiento alguno, afectando a los individuos y dificultando o imposibilitando su vida y el logro de sus proyectos y aspiraciones.<\/p>\n<p>En este curso se han seleccionado algunos de los temas que preocupan a los hombres y mujeres de hoy y acerca de los cuales investigan nuestros departamentos y centros psicol\u00f3gicos.<\/p>\n<p>Son temas que pueden merecer muchas lecciones, pero por lo pronto vamos a ofrecer aqu\u00ed unas visiones comprensivas e informadas, que orienten acerca de las posibilidades que hoy puede ofrecernos la psicolog\u00eda.<\/p>\n<p>Los profesores e investigadores que van a tratar estos temas son, cada uno, especialista relevante en su materia. Todos son Acad\u00e9micos de N\u00famero de la Academia de Psicolog\u00eda de Espa\u00f1a, personas con gran experiencia en ense\u00f1anza e investigaci\u00f3n.<\/p>\n<p>El curso se dirige a estudiantes y licenciados en Psicolog\u00eda y en Ciencias Sociales. Profesionales interesados en cuestiones sociales y pol\u00edticas, educadores, comunicadores, personas con responsabilidad social, personas preocupadas por los retos de la sociedad contempor\u00e1nea.<\/p>\n<\/div>\n<\/div>\n<div class=\"pestania_participantes\">\n<div class=\"titulo_pestania\">\n<h2><strong>Participantes<\/strong><\/h2>\n<\/div>\n<h4 class=\"tipo_participante\">DIRECCI\u00d3N<\/h4>\n<div class=\"nombre_participante\"><strong>Helio Carpintero<\/strong><\/div>\n<div class=\"titulo_participante\"><em>Catedr\u00e1tico Em\u00e9rito<br \/>\nMiembro de la Academia de Psicolog\u00eda de Espa\u00f1a<br \/>\nDe la Real Academia de Ciencias Morales y Pol\u00edticas<\/em><\/div>\n<h4 class=\"tipo_participante\">PARTICIPANTES<\/h4>\n<div class=\"nombre_participante\"><strong>Isabel Balaguer<\/strong><\/div>\n<div class=\"titulo_participante\"><em>Catedr\u00e1tica de Psicolog\u00eda del Deporte<br \/>\nUniversidad de Valencia<br \/>\nMiembro (electo) de la Academia de Psicolog\u00eda de Espa\u00f1a<br \/>\n<\/em><\/div>\n<div><\/div>\n<div class=\"nombre_participante\"><strong>Enrique Echebur\u00faa<\/strong><\/div>\n<div class=\"titulo_participante\"><em>Catedr\u00e1tico de Psicolog\u00eda Cl\u00ednica<br \/>\nUniversidad del Pa\u00eds Vasco<br \/>\nMiembro de la Academia de Psicolog\u00eda de Espa\u00f1a<\/em><\/div>\n<div><\/div>\n<div class=\"nombre_participante\"><strong>Mar\u00eda Paz Garc\u00eda Vera<\/strong><\/div>\n<div class=\"titulo_participante\"><em>Catedr\u00e1tica de Personalidad e Intervenci\u00f3n Psicol\u00f3gica<br \/>\nUniversidad Complutense de Madrid<br \/>\nMiembro de la Academia de Psicolog\u00eda de Espa\u00f1a<\/em><\/div>\n<div><\/div>\n<div class=\"nombre_participante\"><strong>Francisco Labrador<\/strong><\/div>\n<div class=\"titulo_participante\"><em>Catedr\u00e1tico de Psicolog\u00eda Cl\u00ednica<br \/>\nUniversidad Complutense de Madrid<br \/>\n<\/em><\/div>\n<div><\/div>\n<div class=\"nombre_participante\"><strong>Marino P\u00e9rez \u00c1lvarez<\/strong><\/div>\n<div class=\"titulo_participante\"><em>Catedr\u00e1tico de Psicolog\u00eda Cl\u00ednica<br \/>\nUniversidad de Oviedo<br \/>\nMiembro de la Academia de Psicolog\u00eda de Espa\u00f1a<br \/>\n<\/em><\/div>\n<div><\/div>\n<div class=\"nombre_participante\"><strong>Javier Urra<\/strong><\/div>\n<div class=\"titulo_participante\"><em>Psic\u00f3logo Forense<br \/>\nMiembro de la Academia de Psicolog\u00eda de Espa\u00f1a<\/em><\/div>\n<\/div>\n<div class=\"pestania_programa\">\n<div class=\"titulo_pestania\">\n<h2><\/h2>\n<h2><strong>Programa<\/strong><\/h2>\n<\/div>\n<h3 class=\"fecha_programa\">Lunes, 24 Julio 2023<\/h3>\n<div class=\"actividad_programa\">\n<div class=\"hora\"><strong>10:00<\/strong><\/div>\n<div class=\"titulo_actividad\">Inauguraci\u00f3n<\/div>\n<\/div>\n<div class=\"actividad_programa\">\n<div class=\"hora\"><strong>10:30<\/strong><\/div>\n<div class=\"titulo_actividad\">Psicopatolog\u00eda y vida cotidiana, hoy<\/div>\n<div class=\"participante_actividad_programa\"><strong>Helio Carpintero<\/strong><\/div>\n<\/div>\n<div class=\"actividad_programa\">\n<div class=\"hora\"><strong>12:00<\/strong><\/div>\n<div class=\"titulo_actividad\">La violencia de g\u00e9nero y su trasfondo sexual<\/div>\n<div class=\"participante_actividad_programa\"><strong>Javier Urra<\/strong><\/div>\n<\/div>\n<div class=\"actividad_programa\">\n<div class=\"hora\"><strong>15:30<\/strong><\/div>\n<div class=\"titulo_actividad\">La violencia de g\u00e9nero y su trasfondo sexual (clase pr\u00e1ctica)<\/div>\n<div class=\"participante_actividad_programa\"><strong>Javier Urra<\/strong><\/div>\n<\/div>\n<h3 class=\"fecha_programa\">Martes, 25 Julio 2023<\/h3>\n<div class=\"actividad_programa\">\n<div class=\"hora\"><strong>09:30<\/strong><\/div>\n<div class=\"titulo_actividad\">Problemas psicol\u00f3gicos en la pr\u00e1ctica del deporte<\/div>\n<div class=\"participante_actividad_programa\"><strong>Isabel Balaguer<\/strong><\/div>\n<\/div>\n<div class=\"actividad_programa\">\n<div class=\"hora\"><strong>12:00<\/strong><\/div>\n<div class=\"titulo_actividad\">Menores viviendo la guerra<\/div>\n<div class=\"participante_actividad_programa\"><strong>Mar\u00eda Paz Garc\u00eda Vera<\/strong><\/div>\n<\/div>\n<div class=\"actividad_programa\">\n<div class=\"hora\"><strong>15:30<\/strong><\/div>\n<div class=\"titulo_actividad\">Problemas psicol\u00f3gicos en la pr\u00e1ctica del deporte (clase pr\u00e1ctica)<\/div>\n<div class=\"participante_actividad_programa\"><strong>Isabel Balaguer<\/strong><\/div>\n<\/div>\n<h3 class=\"fecha_programa\">Mi\u00e9rcoles, 26 Julio 2023<\/h3>\n<div class=\"actividad_programa\">\n<div class=\"hora\"><strong>09:30<\/strong><\/div>\n<div class=\"titulo_actividad\">Menores viviendo la guerra (clase pr\u00e1ctica)<\/div>\n<div class=\"participante_actividad_programa\"><strong>Mar\u00eda Paz Garc\u00eda Vera<\/strong><\/div>\n<\/div>\n<div class=\"actividad_programa\">\n<div class=\"hora\"><strong>12:00<\/strong><\/div>\n<div class=\"titulo_actividad\">La patologizaci\u00f3n de los problemas de la vida<\/div>\n<div class=\"participante_actividad_programa\"><strong>Marino P\u00e9rez \u00c1lvarez<\/strong><\/div>\n<\/div>\n<div class=\"actividad_programa\">\n<div class=\"hora\"><strong>15:30<\/strong><\/div>\n<div class=\"titulo_actividad\">La patologizaci\u00f3n de los problemas de la vida (clase pr\u00e1ctica)<\/div>\n<div class=\"participante_actividad_programa\"><strong>Marino P\u00e9rez \u00c1lvarez<\/strong><\/div>\n<\/div>\n<h3 class=\"fecha_programa\">Jueves, 27 Julio 2023<\/h3>\n<div class=\"actividad_programa\">\n<div class=\"hora\"><strong>09:30<\/strong><\/div>\n<div class=\"titulo_actividad\">Psicolog\u00eda y juego patol\u00f3gico<\/div>\n<div class=\"participante_actividad_programa\"><strong>Francisco Labrador<\/strong><\/div>\n<\/div>\n<div class=\"actividad_programa\">\n<div class=\"hora\"><strong>12:00<\/strong><\/div>\n<div class=\"titulo_actividad\">Psicolog\u00eda ante el problema del suicidio<\/div>\n<div class=\"participante_actividad_programa\"><strong>Enrique Echebur\u00faa<\/strong><\/div>\n<\/div>\n<div class=\"actividad_programa\">\n<div class=\"hora\"><strong>15:30<\/strong><\/div>\n<div class=\"titulo_actividad\">Psicolog\u00eda ante el problema del suicidio (clase pr\u00e1ctica)<\/div>\n<div class=\"participante_actividad_programa\"><strong>Enrique Echebur\u00faa<\/strong><\/div>\n<\/div>\n<h3 class=\"fecha_programa\">Viernes, 28 Julio 2023<\/h3>\n<div class=\"actividad_programa\">\n<div class=\"hora\"><strong>09:30<\/strong><\/div>\n<div class=\"titulo_actividad\">Psicolog\u00eda y juego patol\u00f3gico (clase pr\u00e1ctica)<\/div>\n<div class=\"participante_actividad_programa\"><strong>Francisco Labrador<\/strong><\/div>\n<\/div>\n<div class=\"actividad_programa\">\n<div class=\"hora\"><strong>12:00<\/strong><\/div>\n<div class=\"titulo_actividad\">Psicolog\u00eda en la Sociedad espa\u00f1ola de hoy<\/div>\n<div class=\"participante_actividad_programa\"><strong>Helio Carpintero<\/strong><\/div>\n<\/div>\n<div class=\"actividad_programa\">\n<div class=\"hora\"><strong>13:30<\/strong><\/div>\n<div class=\"titulo_actividad\">Clausura<\/div>\n<\/div>\n<\/div>\n<\/div>\n","protected":false},"excerpt":{"rendered":"<p>Sede donde se gestiona Santander Lugar de impartici\u00f3n Santander &#8211;  [&#8230;]<\/p>\n","protected":false},"author":1,"featured_media":2180,"comment_status":"closed","ping_status":"closed","template":"","meta":{"_tribe_events_status":"","_tribe_events_status_reason":"","footnotes":""},"tags":[],"tribe_events_cat":[],"class_list":["post-2181","tribe_events","type-tribe_events","status-publish","has-post-thumbnail","hentry"],"_links":{"self":[{"href":"https:\/\/www.academiapsicologia.com\/index.php\/wp-json\/wp\/v2\/tribe_events\/2181","targetHints":{"allow":["GET"]}}],"collection":[{"href":"https:\/\/www.academiapsicologia.com\/index.php\/wp-json\/wp\/v2\/tribe_events"}],"about":[{"href":"https:\/\/www.academiapsicologia.com\/index.php\/wp-json\/wp\/v2\/types\/tribe_events"}],"author":[{"embeddable":true,"href":"https:\/\/www.academiapsicologia.com\/index.php\/wp-json\/wp\/v2\/users\/1"}],"replies":[{"embeddable":true,"href":"https:\/\/www.academiapsicologia.com\/index.php\/wp-json\/wp\/v2\/comments?post=2181"}],"version-history":[{"count":9,"href":"https:\/\/www.academiapsicologia.com\/index.php\/wp-json\/wp\/v2\/tribe_events\/2181\/revisions"}],"predecessor-version":[{"id":2189,"href":"https:\/\/www.academiapsicologia.com\/index.php\/wp-json\/wp\/v2\/tribe_events\/2181\/revisions\/2189"}],"wp:featuredmedia":[{"embeddable":true,"href":"https:\/\/www.academiapsicologia.com\/index.php\/wp-json\/wp\/v2\/media\/2180"}],"wp:attachment":[{"href":"https:\/\/www.academiapsicologia.com\/index.php\/wp-json\/wp\/v2\/media?parent=2181"}],"wp:term":[{"taxonomy":"post_tag","embeddable":true,"href":"https:\/\/www.academiapsicologia.com\/index.php\/wp-json\/wp\/v2\/tags?post=2181"},{"taxonomy":"tribe_events_cat","embeddable":true,"href":"https:\/\/www.academiapsicologia.com\/index.php\/wp-json\/wp\/v2\/tribe_events_cat?post=2181"}],"curies":[{"name":"wp","href":"https:\/\/api.w.org\/{rel}","templated":true}]}}