{"id":2196,"date":"2023-06-23T12:43:48","date_gmt":"2023-06-23T10:43:48","guid":{"rendered":"https:\/\/www.academiapsicologia.com\/?post_type=tribe_events&#038;p=2196"},"modified":"2023-06-23T12:43:48","modified_gmt":"2023-06-23T10:43:48","slug":"webinar-la-especie-humana-es-etica","status":"publish","type":"tribe_events","link":"https:\/\/www.academiapsicologia.com\/index.php\/event\/webinar-la-especie-humana-es-etica\/","title":{"rendered":"Webinar: \u201cLa especie humana es \u00e9tica\u201d"},"content":{"rendered":"<div align=\"justify\">\n<h2><strong>Dr. D. Javier Urra Portillo<\/strong><\/h2>\n<p>Dr. en Psicolog\u00eda con la especialidad de Cl\u00ednica y Forense. Dr. en Ciencias de la Salud. Profesor en Pedagog\u00eda Terap\u00e9utica. Psic\u00f3logo en excedencia voluntaria de la Fiscal\u00eda del Tribunal Superior de Justicia y de los Juzgados de Menores de Madrid. Embajador de la Asociaci\u00f3n Iberoamericana de Psicolog\u00eda Jur\u00eddica. Profesor en Psicolog\u00eda (U.C.M.). Acad\u00e9mico de N\u00famero de la Academia de Psicolog\u00eda de Espa\u00f1a. Patrono de la Fundaci\u00f3n Peque\u00f1o Deseo. Consejero de OCU. Patrono de la Fundaci\u00f3n MERCK. Director cl\u00ednico y presidente de la Comisi\u00f3n Rectora de RECURRA-GINSO (cl\u00ednica de salud mental infanto-juvenil y centro terap\u00e9utico). Presidente de Honor de la Sociedad Espa\u00f1ola para el Estudio de la Violencia Filio-parental (SEVIFIP). Escritor. Contertulio en Medios de comunicaci\u00f3n. Primer Defensor del Menor. Es colegiado de Honor en Psicolog\u00eda y le concedieron la Cruz de San Raimundo de Pe\u00f1afort por el Ministerio de Justicia. Premio Francisco de Javier del Gobierno de Navarra.<\/p>\n<\/div>\n<div align=\"justify\">\n<div align=\"center\"><div class=\"fusion-button-wrapper\"><a class=\"fusion-button button-flat fusion-button-default-size button-custom fusion-button-default button-1 fusion-button-default-span fusion-button-default-type\" style=\"--button_bevel_color:#8a5e9e;--button_accent_color:#ffffff;--button_accent_hover_color:#ffffff;--button_border_hover_color:#ffffff;--button_gradient_top_color:#b67cd1;--button_gradient_bottom_color:#b67cd1;--button_gradient_top_color_hover:#b67cd1;--button_gradient_bottom_color_hover:#b67cd1;\" target=\"_blank\" rel=\"noopener noreferrer\" href=\"https:\/\/www.academiapsicologia.com\/wp-content\/uploads\/2023\/06\/20230629-La-especie-humana-es-etica-Dr.-D.-Javier-Urra-Portillo.pdf\"><span class=\"fusion-button-text\">Descargar Invitaci\u00f3n<\/span><\/a><\/div><\/div>\n<p>&nbsp;<\/p>\n<div align=\"center\"><div class=\"fusion-button-wrapper\"><a class=\"fusion-button button-flat fusion-button-default-size button-custom fusion-button-default button-2 fusion-button-default-span fusion-button-default-type\" style=\"--button_accent_color:#ffffff;--button_border_color:#8a5e9e;--button_accent_hover_color:#ffffff;--button_border_hover_color:#ffffff;--button_gradient_top_color:#b67cd1;--button_gradient_bottom_color:#b67cd1;--button_gradient_top_color_hover:#b67cd1;--button_gradient_bottom_color_hover:#b67cd1;\" target=\"_blank\" rel=\"noopener noreferrer\" href=\"https:\/\/www.cop-cv.org\/formacion\/4541\"><span class=\"fusion-button-text\">Inscripci\u00f3n con registro para obtenci\u00f3n certificaci\u00f3n<\/span><\/a><\/div><\/div>\n<p>&nbsp;<\/p>\n<div align=\"center\"><div class=\"fusion-button-wrapper\"><a class=\"fusion-button button-flat fusion-button-default-size button-custom fusion-button-default button-3 fusion-button-default-span fusion-button-default-type\" style=\"--button_accent_color:#ffffff;--button_border_color:#8a5e9e;--button_accent_hover_color:#ffffff;--button_border_hover_color:#ffffff;--button_gradient_top_color:#b67cd1;--button_gradient_bottom_color:#b67cd1;--button_gradient_top_color_hover:#b67cd1;--button_gradient_bottom_color_hover:#b67cd1;\" target=\"_blank\" rel=\"noopener noreferrer\" href=\"https:\/\/www.cop-cv.org\/formacion\/emision-en-directo\/4541\"><span class=\"fusion-button-text\">Acceso libre sin registro<\/span><\/a><\/div><\/div>\n<\/div>\n<p>&nbsp;<\/p>\n<p>&nbsp;<\/p>\n","protected":false},"excerpt":{"rendered":"<p>Dr. D. Javier Urra Portillo Dr. en Psicolog\u00eda con la  [&#8230;]<\/p>\n","protected":false},"author":1,"featured_media":2194,"comment_status":"closed","ping_status":"closed","template":"","meta":{"_tribe_events_status":"","_tribe_events_status_reason":"","footnotes":""},"tags":[],"tribe_events_cat":[],"class_list":["post-2196","tribe_events","type-tribe_events","status-publish","has-post-thumbnail","hentry"],"_links":{"self":[{"href":"https:\/\/www.academiapsicologia.com\/index.php\/wp-json\/wp\/v2\/tribe_events\/2196","targetHints":{"allow":["GET"]}}],"collection":[{"href":"https:\/\/www.academiapsicologia.com\/index.php\/wp-json\/wp\/v2\/tribe_events"}],"about":[{"href":"https:\/\/www.academiapsicologia.com\/index.php\/wp-json\/wp\/v2\/types\/tribe_events"}],"author":[{"embeddable":true,"href":"https:\/\/www.academiapsicologia.com\/index.php\/wp-json\/wp\/v2\/users\/1"}],"replies":[{"embeddable":true,"href":"https:\/\/www.academiapsicologia.com\/index.php\/wp-json\/wp\/v2\/comments?post=2196"}],"version-history":[{"count":1,"href":"https:\/\/www.academiapsicologia.com\/index.php\/wp-json\/wp\/v2\/tribe_events\/2196\/revisions"}],"predecessor-version":[{"id":2197,"href":"https:\/\/www.academiapsicologia.com\/index.php\/wp-json\/wp\/v2\/tribe_events\/2196\/revisions\/2197"}],"wp:featuredmedia":[{"embeddable":true,"href":"https:\/\/www.academiapsicologia.com\/index.php\/wp-json\/wp\/v2\/media\/2194"}],"wp:attachment":[{"href":"https:\/\/www.academiapsicologia.com\/index.php\/wp-json\/wp\/v2\/media?parent=2196"}],"wp:term":[{"taxonomy":"post_tag","embeddable":true,"href":"https:\/\/www.academiapsicologia.com\/index.php\/wp-json\/wp\/v2\/tags?post=2196"},{"taxonomy":"tribe_events_cat","embeddable":true,"href":"https:\/\/www.academiapsicologia.com\/index.php\/wp-json\/wp\/v2\/tribe_events_cat?post=2196"}],"curies":[{"name":"wp","href":"https:\/\/api.w.org\/{rel}","templated":true}]}}