{"id":2551,"date":"2024-04-10T11:55:40","date_gmt":"2024-04-10T09:55:40","guid":{"rendered":"https:\/\/www.academiapsicologia.com\/?post_type=tribe_events&#038;p=2551"},"modified":"2024-04-10T11:55:40","modified_gmt":"2024-04-10T09:55:40","slug":"xxi-escuela-de-psicologia-jose-germain-psicologia-en-el-mundo-digital","status":"publish","type":"tribe_events","link":"https:\/\/www.academiapsicologia.com\/index.php\/event\/xxi-escuela-de-psicologia-jose-germain-psicologia-en-el-mundo-digital\/","title":{"rendered":"XXI Escuela de Psicolog\u00eda \u00abJos\u00e9 Germain\u00bb. Psicolog\u00eda en el mundo digital"},"content":{"rendered":"<\/p>\n<div class=\"table-1\">\n<table width=\"100%\">\n<thead>\n<tr>\n<th align=\"left\"><div class=\"fusion-button-wrapper\"><a class=\"fusion-button button-flat fusion-button-default-size button-custom fusion-button-default button-1 fusion-button-default-span fusion-button-default-type\" style=\"--button_accent_color:#ffffff;--button_border_color:#8a5e9e;--button_accent_hover_color:#000000;--button_border_hover_color:#000000;--button_gradient_top_color:#b67cd1;--button_gradient_bottom_color:#b67cd1;--button_gradient_top_color_hover:#b67cd1;--button_gradient_bottom_color_hover:#b67cd1;\" target=\"_blank\" rel=\"noopener noreferrer\" href=\"https:\/\/www.uimp.es\/agenda-link.html?id_actividad=65PU&amp;anyaca=2024-25\"><i class=\"fa-info-circle fas button-icon-left\" aria-hidden=\"true\"><\/i><span class=\"fusion-button-text\">MATRICULA ONLINE<\/span><\/a><\/div><\/th>\n<th style=\"text-align: right;\" align=\"left\"><div class=\"fusion-button-wrapper\"><a class=\"fusion-button button-flat fusion-button-default-size button-custom fusion-button-default button-2 fusion-button-default-span fusion-button-default-type\" style=\"--button_accent_color:#ffffff;--button_border_color:#8a5e9e;--button_accent_hover_color:#000000;--button_border_hover_color:#000000;--button_gradient_top_color:#b67cd1;--button_gradient_bottom_color:#b67cd1;--button_gradient_top_color_hover:#b67cd1;--button_gradient_bottom_color_hover:#b67cd1;\" target=\"_blank\" rel=\"noopener noreferrer\" href=\"https:\/\/wapps001.uimp.es\/uxxiconsultas\/ficheros\/5\/6732665pu.web.pdf\"><i class=\"fa-map fas button-icon-left\" aria-hidden=\"true\"><\/i><span class=\"fusion-button-text\">TR\u00cdPTICO DEL CURSO<\/span><\/a><\/div><\/th>\n<\/tr>\n<\/thead>\n<\/table>\n<\/div>\n<p>\n<h2><strong>Sede donde se gestiona<\/strong><\/h2>\n<p>Santander<\/p>\n<h2><strong>Lugar de impartici\u00f3n<\/strong><\/h2>\n<p>Santander &#8211; Pen\u00ednsula de la Magdalena<\/p>\n<h2><strong>Direcci\u00f3n<\/strong><\/h2>\n<p><strong>Helio Carpintero<\/strong><\/p>\n<p style=\"padding-left: 40px;\"><em>Catedr\u00e1tico Em\u00e9rito<br \/>\nMiembro de la Academia de Psicolog\u00eda de Espa\u00f1a<br \/>\nDe la Real Academia de Ciencias Morales y Pol\u00edticas<\/em><\/p>\n<h2><strong>Descripci\u00f3n de la actividad<\/strong><\/h2>\n<div align=\"justify\">\n<p>La \u00abEscuela de Psicolog\u00eda Jos\u00e9 Germain\u00bb viene presentando temas y cuestiones de psicolog\u00eda cient\u00edfica a cuantos se interesan por esos problemas, en el marco cultural de la UIMP.<\/p>\n<p>La creaci\u00f3n, en el pasado siglo, de m\u00e1quinas capaces de realizar procesos similares a los de la mente humana inteligente, abri\u00f3 un campo que viene explotando la simulaci\u00f3n de los comportamientos biol\u00f3gicos con mecanismos de complejidad creciente. Los robots, y los computadores, han venido a transformar las formas y contenidos de la vida social, aportando sus potencias t\u00e9cnicas a los mundos m\u00e1s variados de la vida humana. As\u00ed est\u00e1n haciendo hoy posibles comportamientos individuales y colectivos nunca antes contemplados.<\/p>\n<p>La psicolog\u00eda ha asumido como una tarea propia el estudio, dise\u00f1o y aplicaci\u00f3n de todos los procesos en que los individuos interaccionan con los sistemas de informaci\u00f3n y comunicaci\u00f3n que van apareciendo de modo imparable.<\/p>\n<p>El presente curso aspira a examinar diversas aplicaciones de las tecnolog\u00edas digitales a la vida humana, su impacto, sus pros y contras y en la mente de los hombres y mujeres de hoy.<\/p>\n<p>Los docentes del curso son miembros de la Academia de Psicolog\u00eda de Espa\u00f1a, instituci\u00f3n que colabora hace a\u00f1os con la UIMP.<\/p>\n<p>El curso se dirige a estudiantes y licenciados en Psicolog\u00eda y en Ciencias Sociales, y personas interesadas en las cuestiones sociales y humanistas propias de la sociedad contempor\u00e1nea.<\/p>\n<\/div>\n<h2><strong>Participantes<\/strong><\/h2>\n<h4><span style=\"color: #cc99ff;\">DIRECCI\u00d3N<\/span><\/h4>\n<p><strong>Helio Carpintero<\/strong><\/p>\n<p style=\"padding-left: 40px;\"><em>Catedr\u00e1tico Em\u00e9rito<br \/>\nMiembro de la Academia de Psicolog\u00eda de Espa\u00f1a<br \/>\nDe la Real Academia de Ciencias Morales y Pol\u00edticas<\/em><\/p>\n<h4><span style=\"color: #cc99ff;\">PARTICIPANTES<\/span><\/h4>\n<p><strong>Cristina Botella<\/strong><\/p>\n<p style=\"padding-left: 40px;\"><em>Catedr\u00e1tica de Psicolog\u00eda Cl\u00ednica<br \/>\nUniversidad Jaume I de Castell\u00f3n<br \/>\nMiembro de la Academia de Psicolog\u00eda de Espa\u00f1a<br \/>\n<\/em><\/p>\n<p><strong>Maite Garaigordobil<\/strong><\/p>\n<p style=\"padding-left: 40px;\"><em>Catedr\u00e1tica Em\u00e9rita de la Universidad del Pa\u00eds Vasco<br \/>\nMiembro de la Academia de Psicolog\u00eda de Espa\u00f1a<br \/>\n<\/em><\/p>\n<p><strong>Helena Matute<\/strong><\/p>\n<p style=\"padding-left: 40px;\"><em>Catedr\u00e1tica de Psicolog\u00eda Experimental<br \/>\nUniversidad de Deusto<br \/>\nMiembro (electo) de la Academia de Psicolog\u00eda de Espa\u00f1a<br \/>\n<\/em><\/p>\n<p><strong>Jos\u00e9 Mu\u00f1iz<\/strong><\/p>\n<p style=\"padding-left: 40px;\"><em>Catedr\u00e1tico Em\u00e9rito de Evaluaci\u00f3n Psicol\u00f3gica de la Universidad Nebrija, Madrid<br \/>\nMiembro de la Academia de Psicolog\u00eda de Espa\u00f1a<br \/>\n<\/em><\/p>\n<p><strong>Jos\u00e9 Mar\u00eda Peir\u00f3<\/strong><\/p>\n<p style=\"padding-left: 40px;\"><em>Catedr\u00e1tico Em\u00e9rito de Psicolog\u00eda de las Organizaciones de la Universidad de Valencia<br \/>\nMiembro de la Academia de Psicolog\u00eda de Espa\u00f1a<br \/>\n<\/em><\/p>\n<p><strong>Jaime Vila<\/strong><\/p>\n<p style=\"padding-left: 40px;\"><em>Catedr\u00e1tico Em\u00e9rito de Psicolog\u00eda de la Universidad de Granada<br \/>\nMiembro de la Academia de Psicolog\u00eda de Espa\u00f1a<br \/>\n<\/em><\/p>\n<h2><strong>Programa<\/strong><\/h2>\n<h3><span style=\"color: #cc99ff;\"><u>Lunes, 29 Julio 2024<\/u><\/span><\/h3>\n<p><strong>10:00<\/strong><br \/>\nInauguraci\u00f3n<\/p>\n<p><strong>10:30<\/strong><br \/>\nPsicolog\u00eda y vida en un mundo digital<br \/>\n<strong>Helio Carpintero<\/strong><\/p>\n<p><strong>12:00<\/strong><br \/>\nEl Cyberbullying, un peligro social<br \/>\n<strong>Maite Garaigordobil<\/strong><\/p>\n<p><strong>15:30<\/strong><br \/>\nCyberbullying, un peligro social (clase pr\u00e1ctica)<br \/>\n<strong>Maite Garaigordobil<\/strong><\/p>\n<h3><span style=\"color: #cc99ff;\"><u>Martes, 30 Julio 2024<\/u><\/span><\/h3>\n<p><strong>09:30<\/strong><br \/>\nEl ordenador emocional<br \/>\n<strong>Jaime Vila<\/strong><\/p>\n<p><strong>12:00<\/strong><br \/>\nPsicolog\u00eda e inteligencia artificial<br \/>\n<strong>Helena Matute<\/strong><\/p>\n<p><strong>15:30<\/strong><br \/>\nEl ordenador emocional (clase pr\u00e1ctica)<br \/>\n<strong>Jaime Vila<\/strong><br \/>\n<u><\/u><\/p>\n<h3><span style=\"color: #cc99ff;\"><u>Mi\u00e9rcoles, 31 Julio 2024<\/u><\/span><\/h3>\n<p><strong>09:30<\/strong><br \/>\nPsicolog\u00eda e inteligencia artificial (clase pr\u00e1ctica)<br \/>\n<strong>Helena Matute<\/strong><\/p>\n<p><strong>12:00<\/strong><br \/>\nLa evaluaci\u00f3n psicol\u00f3gica en la era digital<br \/>\n<strong>Jos\u00e9 Mu\u00f1iz<\/strong><\/p>\n<p><strong>15:30<\/strong><br \/>\nLa evaluaci\u00f3n psicol\u00f3gica en la era digital (clase pr\u00e1ctica)<br \/>\n<strong>Jos\u00e9 Mu\u00f1iz<\/strong><br \/>\n<u><\/u><\/p>\n<h3><span style=\"color: #cc99ff;\"><u>Jueves, 1 Agosto 2024<\/u><\/span><\/h3>\n<p><strong>09:30<\/strong><br \/>\nEl futuro del trabajo en un mundo digitalizado<br \/>\n<strong>Jos\u00e9 Mar\u00eda Peir\u00f3<\/strong><\/p>\n<p><strong>12:00<\/strong><br \/>\nLas TIC (tecnolog\u00edas de informaci\u00f3n y comunicaci\u00f3n) en la Psicolog\u00eda Cl\u00ednica<br \/>\n<strong>Cristina Botella<\/strong><\/p>\n<p><strong>15:30<\/strong><br \/>\nLas TIC en la Psicolog\u00eda Cl\u00ednica del Siglo XXI (clase pr\u00e1ctica)<br \/>\n<strong>Cristina Botella<\/strong><br \/>\n<u><\/u><\/p>\n<h3><span style=\"color: #cc99ff;\"><u>Viernes, 2 Agosto 2024<\/u><\/span><\/h3>\n<p><strong>09:30<\/strong><br \/>\nEl futuro del trabajo en un mundo digitalizado (clase pr\u00e1ctica)<br \/>\n<strong>Jos\u00e9 Mar\u00eda Peir\u00f3<\/strong><\/p>\n<p><strong>12:00<\/strong><br \/>\nPsicolog\u00eda de robots con personalidad<br \/>\n<strong>Helio Carpintero<\/strong><\/p>\n<p><strong>13:00<\/strong><br \/>\nClausura<\/p>\n","protected":false},"excerpt":{"rendered":"<p>Sede donde se gestiona Santander Lugar de impartici\u00f3n Santander &#8211;  [&#8230;]<\/p>\n","protected":false},"author":1,"featured_media":2550,"comment_status":"closed","ping_status":"closed","template":"","meta":{"_tribe_events_status":"","_tribe_events_status_reason":"","footnotes":""},"tags":[],"tribe_events_cat":[],"class_list":["post-2551","tribe_events","type-tribe_events","status-publish","has-post-thumbnail","hentry"],"_links":{"self":[{"href":"https:\/\/www.academiapsicologia.com\/index.php\/wp-json\/wp\/v2\/tribe_events\/2551","targetHints":{"allow":["GET"]}}],"collection":[{"href":"https:\/\/www.academiapsicologia.com\/index.php\/wp-json\/wp\/v2\/tribe_events"}],"about":[{"href":"https:\/\/www.academiapsicologia.com\/index.php\/wp-json\/wp\/v2\/types\/tribe_events"}],"author":[{"embeddable":true,"href":"https:\/\/www.academiapsicologia.com\/index.php\/wp-json\/wp\/v2\/users\/1"}],"replies":[{"embeddable":true,"href":"https:\/\/www.academiapsicologia.com\/index.php\/wp-json\/wp\/v2\/comments?post=2551"}],"version-history":[{"count":8,"href":"https:\/\/www.academiapsicologia.com\/index.php\/wp-json\/wp\/v2\/tribe_events\/2551\/revisions"}],"predecessor-version":[{"id":2559,"href":"https:\/\/www.academiapsicologia.com\/index.php\/wp-json\/wp\/v2\/tribe_events\/2551\/revisions\/2559"}],"wp:featuredmedia":[{"embeddable":true,"href":"https:\/\/www.academiapsicologia.com\/index.php\/wp-json\/wp\/v2\/media\/2550"}],"wp:attachment":[{"href":"https:\/\/www.academiapsicologia.com\/index.php\/wp-json\/wp\/v2\/media?parent=2551"}],"wp:term":[{"taxonomy":"post_tag","embeddable":true,"href":"https:\/\/www.academiapsicologia.com\/index.php\/wp-json\/wp\/v2\/tags?post=2551"},{"taxonomy":"tribe_events_cat","embeddable":true,"href":"https:\/\/www.academiapsicologia.com\/index.php\/wp-json\/wp\/v2\/tribe_events_cat?post=2551"}],"curies":[{"name":"wp","href":"https:\/\/api.w.org\/{rel}","templated":true}]}}